{"id":7263,"date":"2020-12-26T22:37:12","date_gmt":"2020-12-26T21:37:12","guid":{"rendered":"https:\/\/badaladas.gal\/?page_id=7263"},"modified":"2021-01-20T02:14:23","modified_gmt":"2021-01-20T01:14:23","slug":"fundidores","status":"publish","type":"page","link":"https:\/\/badaladas.gal\/index.php\/fundidores\/","title":{"rendered":"FUNDIDORES"},"content":{"rendered":"\t\t<div data-elementor-type=\"wp-page\" data-elementor-id=\"7263\" class=\"elementor elementor-7263\" data-elementor-settings=\"[]\">\n\t\t\t\t\t\t<div class=\"elementor-inner\">\n\t\t\t\t\t\t\t<div class=\"elementor-section-wrap\">\n\t\t\t\t\t\t\t<section class=\"elementor-section elementor-top-section elementor-element elementor-element-1d7d4064 elementor-section-stretched elementor-section-boxed elementor-section-height-default elementor-section-height-default\" data-id=\"1d7d4064\" data-element_type=\"section\" data-settings=\"{&quot;stretch_section&quot;:&quot;section-stretched&quot;}\">\n\t\t\t\t\t\t<div class=\"elementor-container elementor-column-gap-default\">\n\t\t\t\t\t\t\t<div class=\"elementor-row\">\n\t\t\t\t\t<div class=\"elementor-column elementor-col-100 elementor-top-column elementor-element elementor-element-1246d6e1\" data-id=\"1246d6e1\" data-element_type=\"column\">\n\t\t\t<div class=\"elementor-column-wrap elementor-element-populated\">\n\t\t\t\t\t\t\t<div class=\"elementor-widget-wrap\">\n\t\t\t\t\t\t<div class=\"elementor-element elementor-element-2a4a0e64 elementor-widget elementor-widget-text-editor\" data-id=\"2a4a0e64\" data-element_type=\"widget\" data-widget_type=\"text-editor.default\">\n\t\t\t\t<div class=\"elementor-widget-container\">\n\t\t\t\t\t\t\t\t<div class=\"elementor-text-editor elementor-clearfix\">\n\t\t\t\t\t<p><strong><span style=\"color: #003366;\">Moitas camp\u00e1s dos cami\u00f1os Franc\u00e9s e Primitivo te\u00f1en, nas s\u00faas inscrici\u00f3ns, o nome do artes\u00e1n fundidor que as fabricou. Isto ocorre principalmente nas camp\u00e1s dos s\u00e9culos XIX e XX. Nas m\u00e1is antigas, raramente aparece o nome do construtor.<\/span><\/strong><\/p><p><strong><span style=\"color: #003366;\">\u00a0<\/span><\/strong><\/p>\t\t\t\t\t<\/div>\n\t\t\t\t\t\t<\/div>\n\t\t\t\t<\/div>\n\t\t\t\t<div class=\"elementor-element elementor-element-5aa16d2 elementor-widget elementor-widget-text-editor\" data-id=\"5aa16d2\" data-element_type=\"widget\" data-widget_type=\"text-editor.default\">\n\t\t\t\t<div class=\"elementor-widget-container\">\n\t\t\t\t\t\t\t\t<div class=\"elementor-text-editor elementor-clearfix\">\n\t\t\t\t\t<p><span style=\"color: #993300;\"><strong>Muchas campanas de los caminos Franc\u00e9s y Primitivo tienen, en sus inscripciones, el nombre del artesano fundidor que las fabric\u00f3. Esto ocurre principalmente en las campanas de los siglos XIX y XX. En las m\u00e1s antiguas, raramente aparece el nombre del constructor.<\/strong><\/span><\/p><p>,<\/p>\t\t\t\t\t<\/div>\n\t\t\t\t\t\t<\/div>\n\t\t\t\t<\/div>\n\t\t\t\t<div class=\"elementor-element elementor-element-51e2a45 elementor-widget elementor-widget-text-editor\" data-id=\"51e2a45\" data-element_type=\"widget\" data-widget_type=\"text-editor.default\">\n\t\t\t\t<div class=\"elementor-widget-container\">\n\t\t\t\t\t\t\t\t<div class=\"elementor-text-editor elementor-clearfix\">\n\t\t\t\t\t<p><em><strong><span style=\"color: #000080;\">Many bells of the French and Primitive Way have the name of the smelting craftsman who made them. It happens, mainly, in the XIX and XX centuries. The oldest ones rarely have the smelter name.<\/span><\/strong><\/em><\/p><p><em><strong><span style=\"color: #000080;\">\u00a0<\/span><\/strong><\/em><\/p><p>\u00a0<\/p>\t\t\t\t\t<\/div>\n\t\t\t\t\t\t<\/div>\n\t\t\t\t<\/div>\n\t\t\t\t\t\t<\/div>\n\t\t\t\t\t<\/div>\n\t\t<\/div>\n\t\t\t\t\t\t\t\t<\/div>\n\t\t\t\t\t<\/div>\n\t\t<\/section>\n\t\t\t\t<section class=\"elementor-section elementor-top-section elementor-element elementor-element-5f1bc71 elementor-section-stretched elementor-section-boxed elementor-section-height-default elementor-section-height-default\" data-id=\"5f1bc71\" data-element_type=\"section\" data-settings=\"{&quot;stretch_section&quot;:&quot;section-stretched&quot;}\">\n\t\t\t\t\t\t<div class=\"elementor-container elementor-column-gap-default\">\n\t\t\t\t\t\t\t<div class=\"elementor-row\">\n\t\t\t\t\t<div class=\"elementor-column elementor-col-100 elementor-top-column elementor-element elementor-element-ca466de\" data-id=\"ca466de\" data-element_type=\"column\">\n\t\t\t<div class=\"elementor-column-wrap elementor-element-populated\">\n\t\t\t\t\t\t\t<div class=\"elementor-widget-wrap\">\n\t\t\t\t\t\t<div class=\"elementor-element elementor-element-c6953ae elementor-widget elementor-widget-heading\" data-id=\"c6953ae\" data-element_type=\"widget\" data-widget_type=\"heading.default\">\n\t\t\t\t<div class=\"elementor-widget-container\">\n\t\t\t<h2 class=\"elementor-heading-title elementor-size-xl\">juan LISTE\/jos\u00e9 Liste<\/h2>\t\t<\/div>\n\t\t\t\t<\/div>\n\t\t\t\t<div class=\"elementor-element elementor-element-0c94667 elementor-widget elementor-widget-text-editor\" data-id=\"0c94667\" data-element_type=\"widget\" data-widget_type=\"text-editor.default\">\n\t\t\t\t<div class=\"elementor-widget-container\">\n\t\t\t\t\t\t\t\t<div class=\"elementor-text-editor elementor-clearfix\">\n\t\t\t\t\t<p><strong><span style=\"color: #003366;\">Os Liste ti\u00f1an o seu taller de fundici\u00f3n de camp\u00e1s na parroquia de Orazo (A Estrada-Pontevedra).<\/span><\/strong><\/p><p><strong><span style=\"color: #003366;\">Juan Liste Pereira (1823-1909) asociouse cun fundidor ambulante procedente posiblemente de Cantabria chamado Palacio e ambos comezaron a fabricar camp\u00e1s no obradoiro de Orazo. M\u00e1is adiante as camp\u00e1s foron asinadas s\u00f3 por Juan Liste. Tam\u00e9n comezar\u00eda a fundir camp\u00e1s o seu fillo Jos\u00e9 Liste Villanueva (1858-1927), quedando a cargo do obradoiro despois da morte de seu pai, en 1909.<\/span><\/strong><\/p><p><strong><span style=\"color: #003366;\">As inscrici\u00f3ns que aparecen nas camp\u00e1s son &#8220;PALACIO Y LISTE EN ORAZO&#8221;, &#8220;JUAN LISTE EN ORAZO&#8221;, &#8220;LISTE EN ORAZO&#8221;, &#8220;J. LISTE EN ORAZO&#8221; ou &#8220;LISTE ME HIZO EN ORAZO&#8221;.<\/span><\/strong><\/p><p><span style=\"color: #003366;\">(Informaci\u00f3n de Xos\u00e9 Troiano Carril)<\/span><\/p>\t\t\t\t\t<\/div>\n\t\t\t\t\t\t<\/div>\n\t\t\t\t<\/div>\n\t\t\t\t<div class=\"elementor-element elementor-element-1bc9483 elementor-widget elementor-widget-text-editor\" data-id=\"1bc9483\" data-element_type=\"widget\" data-widget_type=\"text-editor.default\">\n\t\t\t\t<div class=\"elementor-widget-container\">\n\t\t\t\t\t\t\t\t<div class=\"elementor-text-editor elementor-clearfix\">\n\t\t\t\t\t<p><span style=\"color: #993300;\"><strong>Los Liste ten\u00edan su taller de fundici\u00f3n de campanas en la parroquia de Orazo (A Estrada-Pontevedra).<\/strong><\/span><\/p><p><span style=\"color: #993300;\"><strong>Juan Liste Pereira (1823-1909) se asoci\u00f3 con un fundidor ambulante posiblemente de Cantabria llamado Palacio y ambos comenzaron a fabricar campanas en la fundici\u00f3n de Orazo.\u00a0 Posteriormente, las campanas fueron firmadas solamente por Juan Liste. Tambi\u00e9n comenzar\u00eda a trabajar en el taller su hijo Jos\u00e9 Liste Villanueva (1858-1927), quedando a cargo del mismo despu\u00e9s de la muerte de su padre, en 1909.<\/strong><\/span><\/p><p><span style=\"color: #993300;\"><strong>Las inscripciones que aparecen en las campanas son &#8220;PALACIO Y LISTE EN ORAZO&#8221;, &#8220;JUAN LISTE EN ORAZO&#8221;, &#8220;LISTE EN ORAZO&#8221;, &#8220;J. LISTE EN ORAZO&#8221; o &#8220;LISTE ME HIZO EN ORAZO&#8221;.<\/strong><\/span><\/p><p><span style=\"color: #993300;\">(Informaci\u00f3n de Xos\u00e9 Troiano Carril)<\/span><\/p><p>,<\/p>\t\t\t\t\t<\/div>\n\t\t\t\t\t\t<\/div>\n\t\t\t\t<\/div>\n\t\t\t\t<div class=\"elementor-element elementor-element-8f9f0b4 elementor-widget elementor-widget-text-editor\" data-id=\"8f9f0b4\" data-element_type=\"widget\" data-widget_type=\"text-editor.default\">\n\t\t\t\t<div class=\"elementor-widget-container\">\n\t\t\t\t\t\t\t\t<div class=\"elementor-text-editor elementor-clearfix\">\n\t\t\t\t\t<p><em><strong><span style=\"color: #000080;\">The Liste foundry was in Orazo (A Estrada-Pontevedra).<\/span><\/strong><\/em><\/p><p><em><strong><span style=\"color: #000080;\">Juan Liste Pereira (1823-1909) partnered with a travelling smelter<\/span><\/strong><\/em><em><strong><span style=\"color: #000080;\"><em><strong><span style=\"color: #000080;\">, named Palacio,<\/span><\/strong><\/em> possibly from Cantabria. Both of them began to make bells at Orazo&#8217;s foundry but, subsequently, the bells were signed only by Juan Liste. His son, Jos\u00e9 Liste Villanueva (1858\u20131927), also began to work, years later, in the foundry, remaining in charge of the workshop after his father&#8217;s death in 1909.<\/span><\/strong><\/em><\/p><p><em><strong><span style=\"color: #000080;\">\u00a0&#8220;PALACIO Y LISTE EN ORAZO&#8221;, &#8220;JUAN LISTE EN ORAZO&#8221;, &#8220;LISTE EN ORAZO&#8221;, &#8220;J. LISTE EN ORAZO&#8221; or &#8220;LISTE MADE ME IN ORAZO&#8221; were their bells inscriptions.<br \/><\/span><\/strong><\/em><\/p><p><em><span style=\"color: #000080;\">(Documented by Xos\u00e9 Troiano Carril)<\/span><\/em><\/p>\t\t\t\t\t<\/div>\n\t\t\t\t\t\t<\/div>\n\t\t\t\t<\/div>\n\t\t\t\t<div class=\"elementor-element elementor-element-e09e894 elementor-widget elementor-widget-text-editor\" data-id=\"e09e894\" data-element_type=\"widget\" data-widget_type=\"text-editor.default\">\n\t\t\t\t<div class=\"elementor-widget-container\">\n\t\t\t\t\t\t\t\t<div class=\"elementor-text-editor elementor-clearfix\">\n\t\t\t\t\t<p style=\"text-align: center;\"><strong><span style=\"color: #003366;\">CAMP\u00c1S DE LISTE<\/span><\/strong>\/<strong><span style=\"color: #993300;\">CAMPANAS DE LISTE<\/span><\/strong>\/<em><strong><span style=\"color: #000080;\">LISTE BELLS<\/span><\/strong><\/em><\/p><p style=\"text-align: center;\"><span style=\"color: #003366;\">\u00a0\u00a0\u00a0\u00a0\u00a0\u00a0\u00a0\u00a0<span style=\"color: #3d1b09;\"><strong>\u00a0\u00a0 <span style=\"text-decoration: underline;\"><a style=\"text-decoration: underline; color: #3d1b09;\" href=\"https:\/\/badaladas.gal\/index.php\/sabugueira\/\">Sabugueira grande<\/a><\/span>\u00a0 \u00a0\u00a0\u00a0 \u00a0 \u00a0 \u00a0 \u00a0 \u00a0\u00a0 <a style=\"color: #3d1b09;\" href=\"https:\/\/badaladas.gal\/index.php\/__trashed-3\/\"><span style=\"text-decoration: underline;\">Melide San Pedro (3)<\/span><\/a> \u00a0\u00a0 \u00a0 \u00a0 \u00a0 \u00a0<a style=\"color: #3d1b09;\" href=\"https:\/\/badaladas.gal\/index.php\/__trashed-4\/\"><span style=\"text-decoration: underline;\"> Melide San Ant\u00f3n pequena<\/span><\/a> \u00a0 \u00a0\u00a0 \u00a0\u00a0\u00a0 \u00a0\u00a0 A<a style=\"color: #3d1b09;\" href=\"https:\/\/badaladas.gal\/index.php\/__trashed-6\/\"><span style=\"text-decoration: underline;\">rz\u00faa (2)<\/span><\/a>\u00a0 \u00a0 \u00a0 \u00a0\u00a0\u00a0 \u00a0 \u00a0 \u00a0 <a style=\"color: #3d1b09;\" href=\"https:\/\/badaladas.gal\/index.php\/san-lazaro-santiago\/\"><span style=\"text-decoration: underline;\">San L\u00e1zaro Santiago grande<\/span><\/a>\u00a0 \u00a0\u00a0\u00a0 <a style=\"color: #3d1b09;\" href=\"https:\/\/badaladas.gal\/index.php\/capela-das-animas\/\"><span style=\"text-decoration: underline;\">Capela das \u00c1nimas Santiago grande<\/span>\u00a0\u00a0\u00a0\u00a0\u00a0\u00a0\u00a0\u00a0\u00a0\u00a0\u00a0\u00a0\u00a0\u00a0\u00a0\u00a0<\/a> \u00a0 \u00a0\u00a0 <a style=\"color: #3d1b09;\" href=\"https:\/\/badaladas.gal\/index.php\/san-bieito\/\"><span style=\"text-decoration: underline;\">San Bieito Santiago pequena\u00a0<\/span><\/a>\u00a0 \u00a0 \u00a0 \u00a0 \u00a0 \u00a0 \u00a0 \u00a0 \u00a0 \u00a0\u00a0 \u00a0<a style=\"color: #3d1b09;\" href=\"https:\/\/badaladas.gal\/index.php\/catedral-de-santiago\/\"><span style=\"text-decoration: underline;\"> Catedral de Santiago campanil (3)<\/span><\/a><\/strong><\/span><\/span><\/p><div>\u00a0<\/div>\t\t\t\t\t<\/div>\n\t\t\t\t\t\t<\/div>\n\t\t\t\t<\/div>\n\t\t\t\t<div class=\"elementor-element elementor-element-db93eb5 gallery-spacing-custom elementor-widget elementor-widget-image-gallery\" data-id=\"db93eb5\" data-element_type=\"widget\" data-widget_type=\"image-gallery.default\">\n\t\t\t\t<div class=\"elementor-widget-container\">\n\t\t\t\t\t<div class=\"elementor-image-gallery\">\n\t\t\t<div id='gallery-1' class='gallery galleryid-7263 gallery-columns-3 gallery-size-full'><figure class='gallery-item'>\n\t\t\t<div class='gallery-icon landscape'>\n\t\t\t\t<a data-elementor-open-lightbox=\"yes\" data-elementor-lightbox-slideshow=\"db93eb5\" data-elementor-lightbox-title=\"P1020848 Sabug g Palacio e Liste\" href='https:\/\/badaladas.gal\/wp-content\/uploads\/2020\/12\/P1020848-Sabug-g-Palacio-e-Liste.jpg'><img loading=\"lazy\" decoding=\"async\" width=\"897\" height=\"706\" src=\"https:\/\/badaladas.gal\/wp-content\/uploads\/2020\/12\/P1020848-Sabug-g-Palacio-e-Liste.jpg\" class=\"attachment-full size-full\" alt=\"\" aria-describedby=\"gallery-1-7384\" srcset=\"https:\/\/badaladas.gal\/wp-content\/uploads\/2020\/12\/P1020848-Sabug-g-Palacio-e-Liste.jpg 897w, https:\/\/badaladas.gal\/wp-content\/uploads\/2020\/12\/P1020848-Sabug-g-Palacio-e-Liste-300x236.jpg 300w, https:\/\/badaladas.gal\/wp-content\/uploads\/2020\/12\/P1020848-Sabug-g-Palacio-e-Liste-768x604.jpg 768w\" sizes=\"auto, 100vw\" \/><\/a>\n\t\t\t<\/div>\n\t\t\t\t<figcaption class='wp-caption-text gallery-caption' id='gallery-1-7384'>\n\t\t\t\tSABUGUEIRA GRANDE &#8211; PALACIO Y LISTE  1866\n\t\t\t\t<\/figcaption><\/figure><figure class='gallery-item'>\n\t\t\t<div class='gallery-icon landscape'>\n\t\t\t\t<a data-elementor-open-lightbox=\"yes\" data-elementor-lightbox-slideshow=\"db93eb5\" data-elementor-lightbox-title=\"P1020845 Sabug g Palacio e Liste\" href='https:\/\/badaladas.gal\/wp-content\/uploads\/2020\/12\/P1020845-Sabug-g-Palacio-e-Liste.jpg'><img loading=\"lazy\" decoding=\"async\" width=\"1028\" height=\"767\" src=\"https:\/\/badaladas.gal\/wp-content\/uploads\/2020\/12\/P1020845-Sabug-g-Palacio-e-Liste.jpg\" class=\"attachment-full size-full\" alt=\"\" aria-describedby=\"gallery-1-7385\" srcset=\"https:\/\/badaladas.gal\/wp-content\/uploads\/2020\/12\/P1020845-Sabug-g-Palacio-e-Liste.jpg 1028w, https:\/\/badaladas.gal\/wp-content\/uploads\/2020\/12\/P1020845-Sabug-g-Palacio-e-Liste-300x224.jpg 300w, https:\/\/badaladas.gal\/wp-content\/uploads\/2020\/12\/P1020845-Sabug-g-Palacio-e-Liste-1024x764.jpg 1024w, https:\/\/badaladas.gal\/wp-content\/uploads\/2020\/12\/P1020845-Sabug-g-Palacio-e-Liste-768x573.jpg 768w\" sizes=\"auto, 100vw\" \/><\/a>\n\t\t\t<\/div>\n\t\t\t\t<figcaption class='wp-caption-text gallery-caption' id='gallery-1-7385'>\n\t\t\t\tSABUGUEIRA GRANDE &#8211; PALACIO Y LISTE  1866\n\t\t\t\t<\/figcaption><\/figure><figure class='gallery-item'>\n\t\t\t<div class='gallery-icon landscape'>\n\t\t\t\t<a data-elementor-open-lightbox=\"yes\" data-elementor-lightbox-slideshow=\"db93eb5\" data-elementor-lightbox-title=\"P1020934 S Laz Sant g Juan Liste\" href='https:\/\/badaladas.gal\/wp-content\/uploads\/2020\/12\/P1020934-S-Laz-Sant-g-Juan-Liste.jpg'><img loading=\"lazy\" decoding=\"async\" width=\"1126\" height=\"845\" src=\"https:\/\/badaladas.gal\/wp-content\/uploads\/2020\/12\/P1020934-S-Laz-Sant-g-Juan-Liste.jpg\" class=\"attachment-full size-full\" alt=\"\" aria-describedby=\"gallery-1-7387\" srcset=\"https:\/\/badaladas.gal\/wp-content\/uploads\/2020\/12\/P1020934-S-Laz-Sant-g-Juan-Liste.jpg 1126w, https:\/\/badaladas.gal\/wp-content\/uploads\/2020\/12\/P1020934-S-Laz-Sant-g-Juan-Liste-300x225.jpg 300w, https:\/\/badaladas.gal\/wp-content\/uploads\/2020\/12\/P1020934-S-Laz-Sant-g-Juan-Liste-1024x768.jpg 1024w, https:\/\/badaladas.gal\/wp-content\/uploads\/2020\/12\/P1020934-S-Laz-Sant-g-Juan-Liste-768x576.jpg 768w\" sizes=\"auto, 100vw\" \/><\/a>\n\t\t\t<\/div>\n\t\t\t\t<figcaption class='wp-caption-text gallery-caption' id='gallery-1-7387'>\n\t\t\t\tS. L\u00c1ZARO SANTIAGO GRANDE &#8211; JUAN LISTE  1851\n\t\t\t\t<\/figcaption><\/figure><figure class='gallery-item'>\n\t\t\t<div class='gallery-icon landscape'>\n\t\t\t\t<a data-elementor-open-lightbox=\"yes\" data-elementor-lightbox-slideshow=\"db93eb5\" data-elementor-lightbox-title=\"P1020945 S Laz Sant g Juan Liste\" href='https:\/\/badaladas.gal\/wp-content\/uploads\/2020\/12\/P1020945-S-Laz-Sant-g-Juan-Liste.jpg'><img loading=\"lazy\" decoding=\"async\" width=\"979\" height=\"734\" src=\"https:\/\/badaladas.gal\/wp-content\/uploads\/2020\/12\/P1020945-S-Laz-Sant-g-Juan-Liste.jpg\" class=\"attachment-full size-full\" alt=\"\" aria-describedby=\"gallery-1-7388\" srcset=\"https:\/\/badaladas.gal\/wp-content\/uploads\/2020\/12\/P1020945-S-Laz-Sant-g-Juan-Liste.jpg 979w, https:\/\/badaladas.gal\/wp-content\/uploads\/2020\/12\/P1020945-S-Laz-Sant-g-Juan-Liste-300x225.jpg 300w, https:\/\/badaladas.gal\/wp-content\/uploads\/2020\/12\/P1020945-S-Laz-Sant-g-Juan-Liste-768x576.jpg 768w\" sizes=\"auto, 100vw\" \/><\/a>\n\t\t\t<\/div>\n\t\t\t\t<figcaption class='wp-caption-text gallery-caption' id='gallery-1-7388'>\n\t\t\t\tS. L\u00c1ZARO SANTIAGO GRANDE &#8211; JUAN LISTE  1851\n\t\t\t\t<\/figcaption><\/figure><figure class='gallery-item'>\n\t\t\t<div class='gallery-icon landscape'>\n\t\t\t\t<a data-elementor-open-lightbox=\"yes\" data-elementor-lightbox-slideshow=\"db93eb5\" data-elementor-lightbox-title=\"P1050045 Bonaval g Juan Liste\" href='https:\/\/badaladas.gal\/wp-content\/uploads\/2020\/12\/P1050045-Bonaval-g-Juan-Liste.jpg'><img loading=\"lazy\" decoding=\"async\" width=\"979\" height=\"734\" src=\"https:\/\/badaladas.gal\/wp-content\/uploads\/2020\/12\/P1050045-Bonaval-g-Juan-Liste.jpg\" class=\"attachment-full size-full\" alt=\"\" aria-describedby=\"gallery-1-7395\" srcset=\"https:\/\/badaladas.gal\/wp-content\/uploads\/2020\/12\/P1050045-Bonaval-g-Juan-Liste.jpg 979w, https:\/\/badaladas.gal\/wp-content\/uploads\/2020\/12\/P1050045-Bonaval-g-Juan-Liste-300x225.jpg 300w, https:\/\/badaladas.gal\/wp-content\/uploads\/2020\/12\/P1050045-Bonaval-g-Juan-Liste-768x576.jpg 768w\" sizes=\"auto, 100vw\" \/><\/a>\n\t\t\t<\/div>\n\t\t\t\t<figcaption class='wp-caption-text gallery-caption' id='gallery-1-7395'>\n\t\t\t\tBONAVAL GRANDE &#8211; JUAN LISTE  1858\n\t\t\t\t<\/figcaption><\/figure><figure class='gallery-item'>\n\t\t\t<div class='gallery-icon landscape'>\n\t\t\t\t<a data-elementor-open-lightbox=\"yes\" data-elementor-lightbox-slideshow=\"db93eb5\" data-elementor-lightbox-title=\"P1040942 Bieito p Jose Liste\" href='https:\/\/badaladas.gal\/wp-content\/uploads\/2020\/12\/P1040942-Bieito-p-Jose-Liste.jpg'><img loading=\"lazy\" decoding=\"async\" width=\"979\" height=\"734\" src=\"https:\/\/badaladas.gal\/wp-content\/uploads\/2020\/12\/P1040942-Bieito-p-Jose-Liste.jpg\" class=\"attachment-full size-full\" alt=\"\" aria-describedby=\"gallery-1-7396\" srcset=\"https:\/\/badaladas.gal\/wp-content\/uploads\/2020\/12\/P1040942-Bieito-p-Jose-Liste.jpg 979w, https:\/\/badaladas.gal\/wp-content\/uploads\/2020\/12\/P1040942-Bieito-p-Jose-Liste-300x225.jpg 300w, https:\/\/badaladas.gal\/wp-content\/uploads\/2020\/12\/P1040942-Bieito-p-Jose-Liste-768x576.jpg 768w\" sizes=\"auto, 100vw\" \/><\/a>\n\t\t\t<\/div>\n\t\t\t\t<figcaption class='wp-caption-text gallery-caption' id='gallery-1-7396'>\n\t\t\t\tSAN BIEITO PEQUENA SANTIAGO &#8211; JOSE LISTE  1897\n\t\t\t\t<\/figcaption><\/figure><figure class='gallery-item'>\n\t\t\t<div class='gallery-icon landscape'>\n\t\t\t\t<a data-elementor-open-lightbox=\"yes\" data-elementor-lightbox-slideshow=\"db93eb5\" data-elementor-lightbox-title=\"P1000811Arzu g Liste\" href='https:\/\/badaladas.gal\/wp-content\/uploads\/2020\/12\/P1000811Arzu-g-Liste.jpg'><img loading=\"lazy\" decoding=\"async\" width=\"1224\" height=\"918\" src=\"https:\/\/badaladas.gal\/wp-content\/uploads\/2020\/12\/P1000811Arzu-g-Liste.jpg\" class=\"attachment-full size-full\" alt=\"\" aria-describedby=\"gallery-1-7404\" srcset=\"https:\/\/badaladas.gal\/wp-content\/uploads\/2020\/12\/P1000811Arzu-g-Liste.jpg 1224w, https:\/\/badaladas.gal\/wp-content\/uploads\/2020\/12\/P1000811Arzu-g-Liste-300x225.jpg 300w, https:\/\/badaladas.gal\/wp-content\/uploads\/2020\/12\/P1000811Arzu-g-Liste-1024x768.jpg 1024w, https:\/\/badaladas.gal\/wp-content\/uploads\/2020\/12\/P1000811Arzu-g-Liste-768x576.jpg 768w\" sizes=\"auto, 100vw\" \/><\/a>\n\t\t\t<\/div>\n\t\t\t\t<figcaption class='wp-caption-text gallery-caption' id='gallery-1-7404'>\n\t\t\t\tARZ\u00daA GRANDE &#8211; LISTE  1897\n\t\t\t\t<\/figcaption><\/figure><figure class='gallery-item'>\n\t\t\t<div class='gallery-icon landscape'>\n\t\t\t\t<a data-elementor-open-lightbox=\"yes\" data-elementor-lightbox-slideshow=\"db93eb5\" data-elementor-lightbox-title=\"P1000832 Arzu md Liste\" href='https:\/\/badaladas.gal\/wp-content\/uploads\/2020\/12\/P1000832-Arzu-md-Liste.jpg'><img loading=\"lazy\" decoding=\"async\" width=\"970\" height=\"727\" src=\"https:\/\/badaladas.gal\/wp-content\/uploads\/2020\/12\/P1000832-Arzu-md-Liste.jpg\" class=\"attachment-full size-full\" alt=\"\" aria-describedby=\"gallery-1-7405\" srcset=\"https:\/\/badaladas.gal\/wp-content\/uploads\/2020\/12\/P1000832-Arzu-md-Liste.jpg 970w, https:\/\/badaladas.gal\/wp-content\/uploads\/2020\/12\/P1000832-Arzu-md-Liste-300x225.jpg 300w, https:\/\/badaladas.gal\/wp-content\/uploads\/2020\/12\/P1000832-Arzu-md-Liste-768x576.jpg 768w\" sizes=\"auto, 100vw\" \/><\/a>\n\t\t\t<\/div>\n\t\t\t\t<figcaption class='wp-caption-text gallery-caption' id='gallery-1-7405'>\n\t\t\t\tARZ\u00daA MEDIANA &#8211; LISTE  1897\n\t\t\t\t<\/figcaption><\/figure><figure class='gallery-item'>\n\t\t\t<div class='gallery-icon landscape'>\n\t\t\t\t<a data-elementor-open-lightbox=\"yes\" data-elementor-lightbox-slideshow=\"db93eb5\" data-elementor-lightbox-title=\"P1000824 Arz md Liste\" href='https:\/\/badaladas.gal\/wp-content\/uploads\/2020\/12\/P1000824-Arz-md-Liste.jpg'><img loading=\"lazy\" decoding=\"async\" width=\"1323\" height=\"992\" src=\"https:\/\/badaladas.gal\/wp-content\/uploads\/2020\/12\/P1000824-Arz-md-Liste.jpg\" class=\"attachment-full size-full\" alt=\"\" aria-describedby=\"gallery-1-7406\" srcset=\"https:\/\/badaladas.gal\/wp-content\/uploads\/2020\/12\/P1000824-Arz-md-Liste.jpg 1323w, https:\/\/badaladas.gal\/wp-content\/uploads\/2020\/12\/P1000824-Arz-md-Liste-300x225.jpg 300w, https:\/\/badaladas.gal\/wp-content\/uploads\/2020\/12\/P1000824-Arz-md-Liste-1024x768.jpg 1024w, https:\/\/badaladas.gal\/wp-content\/uploads\/2020\/12\/P1000824-Arz-md-Liste-768x576.jpg 768w\" sizes=\"auto, 100vw\" \/><\/a>\n\t\t\t<\/div>\n\t\t\t\t<figcaption class='wp-caption-text gallery-caption' id='gallery-1-7406'>\n\t\t\t\tARZ\u00daA MEDIANA &#8211; LISTE  1897\n\t\t\t\t<\/figcaption><\/figure>\n\t\t<\/div>\n\t\t<\/div>\n\t\t\t\t<\/div>\n\t\t\t\t<\/div>\n\t\t\t\t\t\t<\/div>\n\t\t\t\t\t<\/div>\n\t\t<\/div>\n\t\t\t\t\t\t\t\t<\/div>\n\t\t\t\t\t<\/div>\n\t\t<\/section>\n\t\t\t\t<section class=\"elementor-section elementor-top-section elementor-element elementor-element-7f28c5b elementor-section-stretched elementor-section-boxed elementor-section-height-default elementor-section-height-default\" data-id=\"7f28c5b\" data-element_type=\"section\" data-settings=\"{&quot;stretch_section&quot;:&quot;section-stretched&quot;}\">\n\t\t\t\t\t\t<div class=\"elementor-container elementor-column-gap-default\">\n\t\t\t\t\t\t\t<div class=\"elementor-row\">\n\t\t\t\t\t<div class=\"elementor-column elementor-col-100 elementor-top-column elementor-element elementor-element-a6b0b26\" data-id=\"a6b0b26\" data-element_type=\"column\">\n\t\t\t<div class=\"elementor-column-wrap\">\n\t\t\t\t\t\t\t<div class=\"elementor-widget-wrap\">\n\t\t\t\t\t\t\t\t<\/div>\n\t\t\t\t\t<\/div>\n\t\t<\/div>\n\t\t\t\t\t\t\t\t<\/div>\n\t\t\t\t\t<\/div>\n\t\t<\/section>\n\t\t\t\t<section class=\"elementor-section elementor-top-section elementor-element elementor-element-3e6d1b0 elementor-section-stretched elementor-section-boxed elementor-section-height-default elementor-section-height-default\" data-id=\"3e6d1b0\" data-element_type=\"section\" data-settings=\"{&quot;stretch_section&quot;:&quot;section-stretched&quot;}\">\n\t\t\t\t\t\t<div class=\"elementor-container elementor-column-gap-default\">\n\t\t\t\t\t\t\t<div class=\"elementor-row\">\n\t\t\t\t\t<div class=\"elementor-column elementor-col-100 elementor-top-column elementor-element elementor-element-4d52872\" data-id=\"4d52872\" data-element_type=\"column\">\n\t\t\t<div class=\"elementor-column-wrap elementor-element-populated\">\n\t\t\t\t\t\t\t<div class=\"elementor-widget-wrap\">\n\t\t\t\t\t\t<div class=\"elementor-element elementor-element-8ddbec1 elementor-widget elementor-widget-heading\" data-id=\"8ddbec1\" data-element_type=\"widget\" data-widget_type=\"heading.default\">\n\t\t\t\t<div class=\"elementor-widget-container\">\n\t\t\t<h2 class=\"elementor-heading-title elementor-size-xl\">FRANCISCO BLANCO\/ANTONIO BLANCO PALACIOS, EL MINDONIENSE<\/h2>\t\t<\/div>\n\t\t\t\t<\/div>\n\t\t\t\t<div class=\"elementor-element elementor-element-b5953a9 elementor-widget elementor-widget-text-editor\" data-id=\"b5953a9\" data-element_type=\"widget\" data-widget_type=\"text-editor.default\">\n\t\t\t\t<div class=\"elementor-widget-container\">\n\t\t\t\t\t\t\t\t<div class=\"elementor-text-editor elementor-clearfix\">\n\t\t\t\t\t<p><strong><span style=\"color: #003366;\">Francisco Blanco Palacios, artes\u00e1n campaneiro procedente de Cantabria, estableceuse en Mondo\u00f1edo a comezo do s\u00e9culo XIX. Antonio Blanco Palacios foi neto de Francisco Blanco. Coa morte do seu bisneto, Jos\u00e9 Antonio Pascual Blanco L\u00f3pez, no ano 1921 rematou a actividade deste obradoiro de camp\u00e1s mindonense.<\/span><\/strong><\/p><p><span style=\"color: #003366;\">(Informaci\u00f3n de Andr\u00e9s Garc\u00eda Doural)<\/span><strong><span style=\"color: #003366;\"><br \/><\/span><\/strong><\/p><p>,<\/p>\t\t\t\t\t<\/div>\n\t\t\t\t\t\t<\/div>\n\t\t\t\t<\/div>\n\t\t\t\t<div class=\"elementor-element elementor-element-500def9 elementor-widget elementor-widget-text-editor\" data-id=\"500def9\" data-element_type=\"widget\" data-widget_type=\"text-editor.default\">\n\t\t\t\t<div class=\"elementor-widget-container\">\n\t\t\t\t\t\t\t\t<div class=\"elementor-text-editor elementor-clearfix\">\n\t\t\t\t\t<p><strong><span style=\"color: #003366;\"><span style=\"color: #993300;\">Francisco Blanco Palacios, artesano campanero procedente de Cantabria, se estableci\u00f3 en Mondo\u00f1edo a principios del siglo XIX. Antonio Blanco Palacios fue nieto de Francisco Blanco. Con la muerte de su bisnieto, Jos\u00e9 Antonio Pascual Blanco L\u00f3pez, en el a\u00f1o 1921 finaliz\u00f3 la actividad de este taller de campanas mindoniense.<\/span><\/span><\/strong><\/p><p><span style=\"color: #003366;\"><span style=\"color: #993300;\">(Informaci\u00f3n de Andr\u00e9s Garc\u00eda Doural)<\/span><\/span><strong><span style=\"color: #003366;\"><br \/><\/span><\/strong><\/p>\t\t\t\t\t<\/div>\n\t\t\t\t\t\t<\/div>\n\t\t\t\t<\/div>\n\t\t\t\t<div class=\"elementor-element elementor-element-3d786f4 elementor-widget elementor-widget-text-editor\" data-id=\"3d786f4\" data-element_type=\"widget\" data-widget_type=\"text-editor.default\">\n\t\t\t\t<div class=\"elementor-widget-container\">\n\t\t\t\t\t\t\t\t<div class=\"elementor-text-editor elementor-clearfix\">\n\t\t\t\t\t<p><em><strong><span style=\"color: #000080;\">Francisco Blanco Palacios, a bell smelter from Cantabria, settled in Mondo\u00f1edo in the early 19th century. Antonio Blanco Palacios was\u00a0 Francisco Blanco grandson and he had a son, Jos\u00e9 Antonio Pascual Blanco L\u00f3pez, who died in 1921 closing the foundry.<\/span><\/strong><\/em><\/p><p><em><span style=\"color: #000080;\">(Documented by Andr\u00e9s Garc\u00eda Doural)<\/span><\/em><\/p>\t\t\t\t\t<\/div>\n\t\t\t\t\t\t<\/div>\n\t\t\t\t<\/div>\n\t\t\t\t<div class=\"elementor-element elementor-element-2e8ee02 elementor-widget elementor-widget-text-editor\" data-id=\"2e8ee02\" data-element_type=\"widget\" data-widget_type=\"text-editor.default\">\n\t\t\t\t<div class=\"elementor-widget-container\">\n\t\t\t\t\t\t\t\t<div class=\"elementor-text-editor elementor-clearfix\">\n\t\t\t\t\t<p style=\"text-align: center;\"><span style=\"color: #003366;\"><strong>CAMP\u00c1S DE BLANCO PALACIOS<\/strong><\/span>\/<strong><span style=\"color: #993300;\">CAMPANAS DE BLANCO PALACIOS<\/span><\/strong>\/<em><strong><span style=\"color: #000080;\">BLANCO PALACIOS<\/span><\/strong><\/em> <em><strong><span style=\"color: #000080;\">BELLS<br \/><\/span><\/strong><\/em><\/p><p style=\"text-align: center;\"><strong><a href=\"https:\/\/badaladas.gal\/index.php\/a-proba-de-buron\/\"><span style=\"text-decoration: underline;\"><span style=\"color: #400b09; text-decoration: underline;\">A Proba de Bur\u00f3n grande<\/span><\/span><\/a><span style=\"color: #400b09;\"> \u00a0 \u00a0 \u00a0 \u00a0 \u00a0 \u00a0 \u00a0\u00a0<\/span> <a href=\"https:\/\/badaladas.gal\/index.php\/gonzar\/\"><span style=\"text-decoration: underline;\"><span style=\"color: #400b09; text-decoration: underline;\">Gonzar<\/span><\/span><\/a><span style=\"color: #400b09;\">\u00a0<\/span><\/strong><span style=\"color: #400b09;\">\u00a0 \u00a0 \u00a0 \u00a0 \u00a0\u00a0<strong><a style=\"color: #400b09;\" href=\"https:\/\/badaladas.gal\/index.php\/san-salvador-sarria\/\"><span style=\"text-decoration: underline;\"> Sarria San Salvador grande<\/span><\/a> \u00a0 \u00a0 \u00a0\u00a0 \u00a0 \u00a0\u00a0 \u00a0<a style=\"color: #400b09;\" href=\"https:\/\/badaladas.gal\/index.php\/fonfria-fonsagrada\/\"> <span style=\"text-decoration: underline;\">Fonfr\u00eda (Fonsagrada)\u00a0 (2)<\/span><\/a><\/strong><\/span><\/p>\t\t\t\t\t<\/div>\n\t\t\t\t\t\t<\/div>\n\t\t\t\t<\/div>\n\t\t\t\t<div class=\"elementor-element elementor-element-45fc05f gallery-spacing-custom elementor-widget elementor-widget-image-gallery\" data-id=\"45fc05f\" data-element_type=\"widget\" data-widget_type=\"image-gallery.default\">\n\t\t\t\t<div class=\"elementor-widget-container\">\n\t\t\t\t\t<div class=\"elementor-image-gallery\">\n\t\t\t<div id='gallery-2' class='gallery galleryid-7263 gallery-columns-3 gallery-size-full'><figure class='gallery-item'>\n\t\t\t<div class='gallery-icon landscape'>\n\t\t\t\t<a data-elementor-open-lightbox=\"yes\" data-elementor-lightbox-slideshow=\"45fc05f\" data-elementor-lightbox-title=\"P1030627 Buron g Francisco Blanco Palacio\" href='https:\/\/badaladas.gal\/wp-content\/uploads\/2021\/01\/P1030627-Buron-g-Francisco-Blanco-Palacio.jpg'><img loading=\"lazy\" decoding=\"async\" width=\"979\" height=\"734\" src=\"https:\/\/badaladas.gal\/wp-content\/uploads\/2021\/01\/P1030627-Buron-g-Francisco-Blanco-Palacio.jpg\" class=\"attachment-full size-full\" alt=\"\" aria-describedby=\"gallery-2-8228\" srcset=\"https:\/\/badaladas.gal\/wp-content\/uploads\/2021\/01\/P1030627-Buron-g-Francisco-Blanco-Palacio.jpg 979w, https:\/\/badaladas.gal\/wp-content\/uploads\/2021\/01\/P1030627-Buron-g-Francisco-Blanco-Palacio-300x225.jpg 300w, https:\/\/badaladas.gal\/wp-content\/uploads\/2021\/01\/P1030627-Buron-g-Francisco-Blanco-Palacio-768x576.jpg 768w\" sizes=\"auto, 100vw\" \/><\/a>\n\t\t\t<\/div>\n\t\t\t\t<figcaption class='wp-caption-text gallery-caption' id='gallery-2-8228'>\n\t\t\t\tA PROBA DE BUR\u00d3N GRANDE &#8211; FRANCISCO BLANCO PALACIO  1843\n\t\t\t\t<\/figcaption><\/figure><figure class='gallery-item'>\n\t\t\t<div class='gallery-icon landscape'>\n\t\t\t\t<a data-elementor-open-lightbox=\"yes\" data-elementor-lightbox-slideshow=\"45fc05f\" data-elementor-lightbox-title=\"P1030634 Buron g Francisco Blanco Palacio\" href='https:\/\/badaladas.gal\/wp-content\/uploads\/2021\/01\/P1030634-Buron-g-Francisco-Blanco-Palacio.jpg'><img loading=\"lazy\" decoding=\"async\" width=\"979\" height=\"734\" src=\"https:\/\/badaladas.gal\/wp-content\/uploads\/2021\/01\/P1030634-Buron-g-Francisco-Blanco-Palacio.jpg\" class=\"attachment-full size-full\" alt=\"\" aria-describedby=\"gallery-2-8229\" srcset=\"https:\/\/badaladas.gal\/wp-content\/uploads\/2021\/01\/P1030634-Buron-g-Francisco-Blanco-Palacio.jpg 979w, https:\/\/badaladas.gal\/wp-content\/uploads\/2021\/01\/P1030634-Buron-g-Francisco-Blanco-Palacio-300x225.jpg 300w, https:\/\/badaladas.gal\/wp-content\/uploads\/2021\/01\/P1030634-Buron-g-Francisco-Blanco-Palacio-768x576.jpg 768w\" sizes=\"auto, 100vw\" \/><\/a>\n\t\t\t<\/div>\n\t\t\t\t<figcaption class='wp-caption-text gallery-caption' id='gallery-2-8229'>\n\t\t\t\tA PROBA DE BUR\u00d3N GRANDE &#8211; FRANCISCO BLANCO PALACIO  1843\n\t\t\t\t<\/figcaption><\/figure><figure class='gallery-item'>\n\t\t\t<div class='gallery-icon landscape'>\n\t\t\t\t<a data-elementor-open-lightbox=\"yes\" data-elementor-lightbox-slideshow=\"45fc05f\" data-elementor-lightbox-title=\"P1010581 Gonz Mindoniense\" href='https:\/\/badaladas.gal\/wp-content\/uploads\/2020\/12\/P1010581-Gonz-Mindoniense.jpg'><img loading=\"lazy\" decoding=\"async\" width=\"1469\" height=\"1102\" src=\"https:\/\/badaladas.gal\/wp-content\/uploads\/2020\/12\/P1010581-Gonz-Mindoniense.jpg\" class=\"attachment-full size-full\" alt=\"\" aria-describedby=\"gallery-2-7443\" srcset=\"https:\/\/badaladas.gal\/wp-content\/uploads\/2020\/12\/P1010581-Gonz-Mindoniense.jpg 1469w, https:\/\/badaladas.gal\/wp-content\/uploads\/2020\/12\/P1010581-Gonz-Mindoniense-300x225.jpg 300w, https:\/\/badaladas.gal\/wp-content\/uploads\/2020\/12\/P1010581-Gonz-Mindoniense-1024x768.jpg 1024w, https:\/\/badaladas.gal\/wp-content\/uploads\/2020\/12\/P1010581-Gonz-Mindoniense-768x576.jpg 768w\" sizes=\"auto, 100vw\" \/><\/a>\n\t\t\t<\/div>\n\t\t\t\t<figcaption class='wp-caption-text gallery-caption' id='gallery-2-7443'>\n\t\t\t\tGONZAR &#8211; ANTONIO BLANCO PALACIOS EL MINDONIENSE   1879\n\t\t\t\t<\/figcaption><\/figure><figure class='gallery-item'>\n\t\t\t<div class='gallery-icon landscape'>\n\t\t\t\t<a data-elementor-open-lightbox=\"yes\" data-elementor-lightbox-slideshow=\"45fc05f\" data-elementor-lightbox-title=\"P1010379 Salv g\" href='https:\/\/badaladas.gal\/wp-content\/uploads\/2020\/12\/P1010379-Salv-g-scaled.jpg'><img loading=\"lazy\" decoding=\"async\" width=\"2560\" height=\"1921\" src=\"https:\/\/badaladas.gal\/wp-content\/uploads\/2020\/12\/P1010379-Salv-g-scaled.jpg\" class=\"attachment-full size-full\" alt=\"\" aria-describedby=\"gallery-2-7441\" srcset=\"https:\/\/badaladas.gal\/wp-content\/uploads\/2020\/12\/P1010379-Salv-g-scaled.jpg 2560w, https:\/\/badaladas.gal\/wp-content\/uploads\/2020\/12\/P1010379-Salv-g-300x225.jpg 300w, https:\/\/badaladas.gal\/wp-content\/uploads\/2020\/12\/P1010379-Salv-g-1024x768.jpg 1024w, https:\/\/badaladas.gal\/wp-content\/uploads\/2020\/12\/P1010379-Salv-g-768x576.jpg 768w, https:\/\/badaladas.gal\/wp-content\/uploads\/2020\/12\/P1010379-Salv-g-1536x1152.jpg 1536w, https:\/\/badaladas.gal\/wp-content\/uploads\/2020\/12\/P1010379-Salv-g-2048x1536.jpg 2048w\" sizes=\"auto, 100vw\" \/><\/a>\n\t\t\t<\/div>\n\t\t\t\t<figcaption class='wp-caption-text gallery-caption' id='gallery-2-7441'>\n\t\t\t\tS. SALVADOR SARRIA GRANDE &#8211; ANTONIO BLANCO PALACIOS EL MINDONIENSE   1885\n\t\t\t\t<\/figcaption><\/figure><figure class='gallery-item'>\n\t\t\t<div class='gallery-icon landscape'>\n\t\t\t\t<a data-elementor-open-lightbox=\"yes\" data-elementor-lightbox-slideshow=\"45fc05f\" data-elementor-lightbox-title=\"P1010719 Salv g\" href='https:\/\/badaladas.gal\/wp-content\/uploads\/2020\/12\/P1010719-Salv-g-scaled.jpg'><img loading=\"lazy\" decoding=\"async\" width=\"2560\" height=\"1921\" src=\"https:\/\/badaladas.gal\/wp-content\/uploads\/2020\/12\/P1010719-Salv-g-scaled.jpg\" class=\"attachment-full size-full\" alt=\"\" aria-describedby=\"gallery-2-7442\" srcset=\"https:\/\/badaladas.gal\/wp-content\/uploads\/2020\/12\/P1010719-Salv-g-scaled.jpg 2560w, https:\/\/badaladas.gal\/wp-content\/uploads\/2020\/12\/P1010719-Salv-g-300x225.jpg 300w, https:\/\/badaladas.gal\/wp-content\/uploads\/2020\/12\/P1010719-Salv-g-1024x768.jpg 1024w, https:\/\/badaladas.gal\/wp-content\/uploads\/2020\/12\/P1010719-Salv-g-768x576.jpg 768w, https:\/\/badaladas.gal\/wp-content\/uploads\/2020\/12\/P1010719-Salv-g-1536x1152.jpg 1536w, https:\/\/badaladas.gal\/wp-content\/uploads\/2020\/12\/P1010719-Salv-g-2048x1536.jpg 2048w\" sizes=\"auto, 100vw\" \/><\/a>\n\t\t\t<\/div>\n\t\t\t\t<figcaption class='wp-caption-text gallery-caption' id='gallery-2-7442'>\n\t\t\t\tS. SALVADOR SARRIA GRANDE &#8211; ANTONIO BLANCO PALACIOS EL MINDONIENSE   1885\n\t\t\t\t<\/figcaption><\/figure><figure class='gallery-item'>\n\t\t\t<div class='gallery-icon landscape'>\n\t\t\t\t<a data-elementor-open-lightbox=\"yes\" data-elementor-lightbox-slideshow=\"45fc05f\" data-elementor-lightbox-title=\"P1030547 Fonfr\u00eda Fons g\" href='https:\/\/badaladas.gal\/wp-content\/uploads\/2020\/12\/P1030547-Fonfria-Fons-g.jpg'><img loading=\"lazy\" decoding=\"async\" width=\"1469\" height=\"1102\" src=\"https:\/\/badaladas.gal\/wp-content\/uploads\/2020\/12\/P1030547-Fonfria-Fons-g.jpg\" class=\"attachment-full size-full\" alt=\"\" aria-describedby=\"gallery-2-7445\" srcset=\"https:\/\/badaladas.gal\/wp-content\/uploads\/2020\/12\/P1030547-Fonfria-Fons-g.jpg 1469w, https:\/\/badaladas.gal\/wp-content\/uploads\/2020\/12\/P1030547-Fonfria-Fons-g-300x225.jpg 300w, https:\/\/badaladas.gal\/wp-content\/uploads\/2020\/12\/P1030547-Fonfria-Fons-g-1024x768.jpg 1024w, https:\/\/badaladas.gal\/wp-content\/uploads\/2020\/12\/P1030547-Fonfria-Fons-g-768x576.jpg 768w\" sizes=\"auto, 100vw\" \/><\/a>\n\t\t\t<\/div>\n\t\t\t\t<figcaption class='wp-caption-text gallery-caption' id='gallery-2-7445'>\n\t\t\t\tFONFR\u00cdA FONSAGRADA GRANDE &#8211;  ANTONIO BLANCO PALACIOS EL MINDONIENSE   1889\n\t\t\t\t<\/figcaption><\/figure><figure class='gallery-item'>\n\t\t\t<div class='gallery-icon portrait'>\n\t\t\t\t<a data-elementor-open-lightbox=\"yes\" data-elementor-lightbox-slideshow=\"45fc05f\" data-elementor-lightbox-title=\"P1030544 Fonfr\u00eda Fons g\" href='https:\/\/badaladas.gal\/wp-content\/uploads\/2020\/12\/P1030544-Fonfria-Fons-g-1.jpg'><img loading=\"lazy\" decoding=\"async\" width=\"827\" height=\"1100\" src=\"https:\/\/badaladas.gal\/wp-content\/uploads\/2020\/12\/P1030544-Fonfria-Fons-g-1.jpg\" class=\"attachment-full size-full\" alt=\"\" aria-describedby=\"gallery-2-7448\" srcset=\"https:\/\/badaladas.gal\/wp-content\/uploads\/2020\/12\/P1030544-Fonfria-Fons-g-1.jpg 827w, https:\/\/badaladas.gal\/wp-content\/uploads\/2020\/12\/P1030544-Fonfria-Fons-g-1-226x300.jpg 226w, https:\/\/badaladas.gal\/wp-content\/uploads\/2020\/12\/P1030544-Fonfria-Fons-g-1-770x1024.jpg 770w, https:\/\/badaladas.gal\/wp-content\/uploads\/2020\/12\/P1030544-Fonfria-Fons-g-1-768x1022.jpg 768w\" sizes=\"auto, 100vw\" \/><\/a>\n\t\t\t<\/div>\n\t\t\t\t<figcaption class='wp-caption-text gallery-caption' id='gallery-2-7448'>\n\t\t\t\tFONFR\u00cdA FONSAGRADA GRANDE &#8211;  ANTONIO BLANCO PALACIOS EL MINDONIENSE   1889\n\t\t\t\t<\/figcaption><\/figure><figure class='gallery-item'>\n\t\t\t<div class='gallery-icon portrait'>\n\t\t\t\t<a data-elementor-open-lightbox=\"yes\" data-elementor-lightbox-slideshow=\"45fc05f\" data-elementor-lightbox-title=\"P1030554 Fonfr\u00eda Fons p Mindoniense\" href='https:\/\/badaladas.gal\/wp-content\/uploads\/2020\/12\/P1030554-Fonfria-Fons-p-Mindoniense.jpg'><img loading=\"lazy\" decoding=\"async\" width=\"795\" height=\"1060\" src=\"https:\/\/badaladas.gal\/wp-content\/uploads\/2020\/12\/P1030554-Fonfria-Fons-p-Mindoniense.jpg\" class=\"attachment-full size-full\" alt=\"\" aria-describedby=\"gallery-2-7446\" srcset=\"https:\/\/badaladas.gal\/wp-content\/uploads\/2020\/12\/P1030554-Fonfria-Fons-p-Mindoniense.jpg 795w, https:\/\/badaladas.gal\/wp-content\/uploads\/2020\/12\/P1030554-Fonfria-Fons-p-Mindoniense-225x300.jpg 225w, https:\/\/badaladas.gal\/wp-content\/uploads\/2020\/12\/P1030554-Fonfria-Fons-p-Mindoniense-768x1024.jpg 768w\" sizes=\"auto, 100vw\" \/><\/a>\n\t\t\t<\/div>\n\t\t\t\t<figcaption class='wp-caption-text gallery-caption' id='gallery-2-7446'>\n\t\t\t\tFONFR\u00cdA FONSAGRADA PEQUENA &#8211; ANTONIO BLANCO PALACIOS EL MINDONIENSE   1893\n\t\t\t\t<\/figcaption><\/figure>\n\t\t<\/div>\n\t\t<\/div>\n\t\t\t\t<\/div>\n\t\t\t\t<\/div>\n\t\t\t\t\t\t<\/div>\n\t\t\t\t\t<\/div>\n\t\t<\/div>\n\t\t\t\t\t\t\t\t<\/div>\n\t\t\t\t\t<\/div>\n\t\t<\/section>\n\t\t\t\t<section class=\"elementor-section elementor-top-section elementor-element elementor-element-ee037ba elementor-section-stretched elementor-section-boxed elementor-section-height-default elementor-section-height-default\" data-id=\"ee037ba\" data-element_type=\"section\" data-settings=\"{&quot;stretch_section&quot;:&quot;section-stretched&quot;}\">\n\t\t\t\t\t\t<div class=\"elementor-container elementor-column-gap-default\">\n\t\t\t\t\t\t\t<div class=\"elementor-row\">\n\t\t\t\t\t<div class=\"elementor-column elementor-col-100 elementor-top-column elementor-element elementor-element-993d635\" data-id=\"993d635\" data-element_type=\"column\">\n\t\t\t<div class=\"elementor-column-wrap elementor-element-populated\">\n\t\t\t\t\t\t\t<div class=\"elementor-widget-wrap\">\n\t\t\t\t\t\t<div class=\"elementor-element elementor-element-db2f7aa elementor-widget elementor-widget-heading\" data-id=\"db2f7aa\" data-element_type=\"widget\" data-widget_type=\"heading.default\">\n\t\t\t\t<div class=\"elementor-widget-container\">\n\t\t\t<h2 class=\"elementor-heading-title elementor-size-xl\">antonio BLANCO lemos, de MONFORTE<\/h2>\t\t<\/div>\n\t\t\t\t<\/div>\n\t\t\t\t<div class=\"elementor-element elementor-element-0a6e4d3 elementor-widget elementor-widget-text-editor\" data-id=\"0a6e4d3\" data-element_type=\"widget\" data-widget_type=\"text-editor.default\">\n\t\t\t\t<div class=\"elementor-widget-container\">\n\t\t\t\t\t\t\t\t<div class=\"elementor-text-editor elementor-clearfix\">\n\t\t\t\t\t<p><strong><span style=\"color: #003366;\">Antonio Blanco Lemos foi o derradeiro artes\u00e1n campaneiro deste obradoiro de camp\u00e1s monfortino. Os seus av\u00f3s chegaron a Monforte no s\u00e9culo XIX, procedentes de Cantabria, onde ti\u00f1an sona os fundidores de camp\u00e1s. Seu pai continuou a tradici\u00f3n familiar e Antonio comezou a traballar no obradoiro de Ribas Altas \u00f3s 18 anos. M\u00e1is adiante trasladouse ao barrio de Mor\u00edn ata o ano 1965, no que deixou de fabricar camp\u00e1s por problemas m\u00e9dicos e pola baixa demanda. <\/span><\/strong><span style=\"color: #003366;\">(Fonte: La Voz de Galicia 10-01-2001).<\/span><\/p><p><strong><span style=\"color: #003366;\"> As camp\u00e1s deste obradoiro levan o selo &#8220;BLANCO ME HIZO \/\u00a0 MONFORTE&#8221;.<br \/><\/span><\/strong><\/p>\t\t\t\t\t<\/div>\n\t\t\t\t\t\t<\/div>\n\t\t\t\t<\/div>\n\t\t\t\t<div class=\"elementor-element elementor-element-27397f8 elementor-widget elementor-widget-text-editor\" data-id=\"27397f8\" data-element_type=\"widget\" data-widget_type=\"text-editor.default\">\n\t\t\t\t<div class=\"elementor-widget-container\">\n\t\t\t\t\t\t\t\t<div class=\"elementor-text-editor elementor-clearfix\">\n\t\t\t\t\t<p><strong><span style=\"color: #003366;\"><span style=\"color: #993300;\">Antonio Blanco Lemos fue el \u00faltimo artesano campanero de este taller monfortino. Sus abuelos llegaron a Monforte en el siglo XIX, procedentes de Cantabria, donde ten\u00edan renombre los fundidores de campanas. Su padre continu\u00f3 la tradici\u00f3n familiar y Antonio comenz\u00f3 a trabajar en el taller de Ribas Altas a los 18 a\u00f1os. Posteriormente, se traslad\u00f3 al barrio de Mor\u00edn hasta el a\u00f1o 1965, a\u00f1o en que dej\u00f3 de fabricar campanas por problemas m\u00e9dicos y por la baja demanda. <\/span><\/span><\/strong><span style=\"color: #003366;\"><span style=\"color: #993300;\">(Fuente: La Voz de Galicia 10-01-2001).<\/span><\/span><\/p><p><strong><span style=\"color: #003366;\"><span style=\"color: #993300;\">Las campanas de esta fundici\u00f3n llevan el sello &#8220;BLANCO ME HIZO \/ MONFORTE&#8221;.<\/span><br \/><\/span><\/strong><\/p><p>,<\/p>\t\t\t\t\t<\/div>\n\t\t\t\t\t\t<\/div>\n\t\t\t\t<\/div>\n\t\t\t\t<div class=\"elementor-element elementor-element-a39ece6 elementor-widget elementor-widget-text-editor\" data-id=\"a39ece6\" data-element_type=\"widget\" data-widget_type=\"text-editor.default\">\n\t\t\t\t<div class=\"elementor-widget-container\">\n\t\t\t\t\t\t\t\t<div class=\"elementor-text-editor elementor-clearfix\">\n\t\t\t\t\t<p><em><strong><span style=\"color: #000080;\">Antonio Blanco Lemos was the last bell craftsman from this workshop, located in Monforte de Lemos. His grandparents arrived to this city in the nineteenth century from Cantabria, where bell smelters were renowned. His father continued the family tradition and, finally, Antonio began to work in Ribas Altas workshop when he was 18 years old. After a time, he moved to Mor\u00edn neighborhood until 1965, when he stopped making bells for medical problems and low demand. <\/span><\/strong><span style=\"color: #000080;\">(Information source: La Voz de Galicia 10-01-2001).<\/span><\/em><\/p><p><em><strong><span style=\"color: #000080;\">This foundry bells signature is &#8220;BLANCO MADE ME \/ MONFORTE&#8221;.<\/span><\/strong><\/em><\/p><p><strong><span style=\"color: #003366;\">\u00a0<\/span><\/strong><\/p><p>\u00a0<\/p>\t\t\t\t\t<\/div>\n\t\t\t\t\t\t<\/div>\n\t\t\t\t<\/div>\n\t\t\t\t<div class=\"elementor-element elementor-element-21b847f elementor-widget elementor-widget-text-editor\" data-id=\"21b847f\" data-element_type=\"widget\" data-widget_type=\"text-editor.default\">\n\t\t\t\t<div class=\"elementor-widget-container\">\n\t\t\t\t\t\t\t\t<div class=\"elementor-text-editor elementor-clearfix\">\n\t\t\t\t\t<p style=\"text-align: center;\"><span style=\"color: #003366;\"><strong>CAMP\u00c1S DE BLANCO LEMOS<\/strong><\/span>\/<strong><span style=\"color: #993300;\">CAMPANAS DE BLANCO LEMOS<\/span><\/strong>\/<em><strong><span style=\"color: #000080;\">BLANCO LEMOS <\/span><\/strong><\/em><em><strong><span style=\"color: #000080;\">BELLS<br \/><\/span><\/strong><\/em><\/p><p style=\"text-align: center;\"><strong><a href=\"https:\/\/badaladas.gal\/index.php\/calvor\/\"><span style=\"text-decoration: underline;\"><span style=\"color: #380808; text-decoration: underline;\">Calvor pequena<\/span><\/span><\/a><span style=\"color: #380808;\"> \u00a0\u00a0 \u00a0 \u00a0 \u00a0 \u00a0 \u00a0 \u00a0 <\/span><a href=\"https:\/\/badaladas.gal\/index.php\/san-cristovo-do-real\/\"><span style=\"text-decoration: underline;\"><span style=\"color: #380808; text-decoration: underline;\">San Cristovo do Real grande<\/span><\/span><\/a><span style=\"color: #380808;\"> \u00a0\u00a0\u00a0\u00a0 \u00a0\u00a0\u00a0 <a style=\"color: #380808;\" href=\"https:\/\/badaladas.gal\/index.php\/o-cebreiro\/\"><span style=\"text-decoration: underline;\">Cebreiro grande<\/span><\/a> \u00a0 \u00a0 \u00a0\u00a0 \u00a0 \u00a0\u00a0 \u00a0\u00a0 \u00a0\u00a0 \u00a0\u00a0\u00a0 <a style=\"color: #380808;\" href=\"https:\/\/badaladas.gal\/index.php\/san-lazaro-sarria\/\"><span style=\"text-decoration: underline;\">Sarria San L\u00e1zaro<\/span><\/a> \u00a0 \u00a0\u00a0 \u00a0 \u00a0 \u00a0 \u00a0\u00a0 \u00a0 \u00a0 \u00a0 <a style=\"color: #380808;\" href=\"https:\/\/badaladas.gal\/index.php\/san-xoan-do-alto\/\"><span style=\"text-decoration: underline;\">San Xo\u00e1n do Alto pequena<\/span><\/a> \u00a0 \u00a0\u00a0 <a style=\"color: #380808;\" href=\"https:\/\/badaladas.gal\/index.php\/pacios\/\"><span style=\"text-decoration: underline;\">Pacio<\/span><\/a> \u00a0 \u00a0 \u00a0 \u00a0 \u00a0 \u00a0 \u00a0 \u00a0 \u00a0 \u00a0\u00a0 \u00a0\u00a0\u00a0 <a style=\"color: #380808;\" href=\"https:\/\/badaladas.gal\/index.php\/vilamor\/\"><span style=\"text-decoration: underline;\">Vilamor grande<\/span><\/a>\u00a0 \u00a0 \u00a0 \u00a0 \u00a0 \u00a0\u00a0 \u00a0\u00a0 \u00a0 \u00a0 \u00a0 \u00a0\u00a0 <a style=\"color: #380808;\" href=\"https:\/\/badaladas.gal\/index.php\/renche\/\"><span style=\"text-decoration: underline;\">Renche pequena<\/span><\/a>\u00a0 \u00a0 \u00a0 \u00a0 \u00a0 \u00a0 \u00a0 \u00a0 \u00a0 \u00a0 \u00a0\u00a0 <a style=\"color: #380808;\" href=\"https:\/\/badaladas.gal\/index.php\/padron\/\"><span style=\"text-decoration: underline;\">Padr\u00f3n grande<\/span><\/a> \u00a0 \u00a0 \u00a0 \u00a0 \u00a0 \u00a0\u00a0 \u00a0 \u00a0 \u00a0\u00a0 \u00a0\u00a0\u00a0 <a style=\"color: #380808;\" href=\"https:\/\/badaladas.gal\/index.php\/barbadelo\/\"><span style=\"text-decoration: underline;\">Barbadelo grande<\/span><\/a><\/span><\/strong><\/p>\t\t\t\t\t<\/div>\n\t\t\t\t\t\t<\/div>\n\t\t\t\t<\/div>\n\t\t\t\t<div class=\"elementor-element elementor-element-d0edd58 elementor-widget elementor-widget-text-editor\" data-id=\"d0edd58\" data-element_type=\"widget\" data-widget_type=\"text-editor.default\">\n\t\t\t\t<div class=\"elementor-widget-container\">\n\t\t\t\t\t\t\t\t<div class=\"elementor-text-editor elementor-clearfix\">\n\t\t\t\t\t\t\t\t\t\t<\/div>\n\t\t\t\t\t\t<\/div>\n\t\t\t\t<\/div>\n\t\t\t\t<div class=\"elementor-element elementor-element-4177dff gallery-spacing-custom elementor-widget elementor-widget-image-gallery\" data-id=\"4177dff\" data-element_type=\"widget\" data-widget_type=\"image-gallery.default\">\n\t\t\t\t<div class=\"elementor-widget-container\">\n\t\t\t\t\t<div class=\"elementor-image-gallery\">\n\t\t\t<div id='gallery-3' class='gallery galleryid-7263 gallery-columns-3 gallery-size-full'><figure class='gallery-item'>\n\t\t\t<div class='gallery-icon landscape'>\n\t\t\t\t<a data-elementor-open-lightbox=\"yes\" data-elementor-lightbox-slideshow=\"4177dff\" data-elementor-lightbox-title=\"P1040862 animas md\" href='https:\/\/badaladas.gal\/wp-content\/uploads\/2020\/12\/P1040862-animas-md.jpg'><img loading=\"lazy\" decoding=\"async\" width=\"979\" height=\"734\" src=\"https:\/\/badaladas.gal\/wp-content\/uploads\/2020\/12\/P1040862-animas-md.jpg\" class=\"attachment-full size-full\" alt=\"\" aria-describedby=\"gallery-3-7330\" srcset=\"https:\/\/badaladas.gal\/wp-content\/uploads\/2020\/12\/P1040862-animas-md.jpg 979w, https:\/\/badaladas.gal\/wp-content\/uploads\/2020\/12\/P1040862-animas-md-300x225.jpg 300w, https:\/\/badaladas.gal\/wp-content\/uploads\/2020\/12\/P1040862-animas-md-768x576.jpg 768w\" sizes=\"auto, 100vw\" \/><\/a>\n\t\t\t<\/div>\n\t\t\t\t<figcaption class='wp-caption-text gallery-caption' id='gallery-3-7330'>\n\t\t\t\tCAPELA ANIMAS MEDIANA SANTIAGO &#8211; FRANCISCO ANTONIO BLANCO  1901\n\t\t\t\t<\/figcaption><\/figure><figure class='gallery-item'>\n\t\t\t<div class='gallery-icon landscape'>\n\t\t\t\t<a data-elementor-open-lightbox=\"yes\" data-elementor-lightbox-slideshow=\"4177dff\" data-elementor-lightbox-title=\"P1000349 Calv p\" href='https:\/\/badaladas.gal\/wp-content\/uploads\/2020\/12\/P1000349-Calv-p.jpg'><img loading=\"lazy\" decoding=\"async\" width=\"1224\" height=\"918\" src=\"https:\/\/badaladas.gal\/wp-content\/uploads\/2020\/12\/P1000349-Calv-p.jpg\" class=\"attachment-full size-full\" alt=\"\" aria-describedby=\"gallery-3-7309\" srcset=\"https:\/\/badaladas.gal\/wp-content\/uploads\/2020\/12\/P1000349-Calv-p.jpg 1224w, https:\/\/badaladas.gal\/wp-content\/uploads\/2020\/12\/P1000349-Calv-p-300x225.jpg 300w, https:\/\/badaladas.gal\/wp-content\/uploads\/2020\/12\/P1000349-Calv-p-1024x768.jpg 1024w, https:\/\/badaladas.gal\/wp-content\/uploads\/2020\/12\/P1000349-Calv-p-768x576.jpg 768w\" sizes=\"auto, 100vw\" \/><\/a>\n\t\t\t<\/div>\n\t\t\t\t<figcaption class='wp-caption-text gallery-caption' id='gallery-3-7309'>\n\t\t\t\tCALVOR PEQUENA &#8211; BLANCO MONFORTE 1902\n\t\t\t\t<\/figcaption><\/figure><figure class='gallery-item'>\n\t\t\t<div class='gallery-icon landscape'>\n\t\t\t\t<a data-elementor-open-lightbox=\"yes\" data-elementor-lightbox-slideshow=\"4177dff\" data-elementor-lightbox-title=\"P1040294 Alto p Blanco\" href='https:\/\/badaladas.gal\/wp-content\/uploads\/2020\/12\/P1040294-Alto-p-Blanco.jpg'><img loading=\"lazy\" decoding=\"async\" width=\"925\" height=\"734\" src=\"https:\/\/badaladas.gal\/wp-content\/uploads\/2020\/12\/P1040294-Alto-p-Blanco.jpg\" class=\"attachment-full size-full\" alt=\"\" aria-describedby=\"gallery-3-7315\" srcset=\"https:\/\/badaladas.gal\/wp-content\/uploads\/2020\/12\/P1040294-Alto-p-Blanco.jpg 925w, https:\/\/badaladas.gal\/wp-content\/uploads\/2020\/12\/P1040294-Alto-p-Blanco-300x238.jpg 300w, https:\/\/badaladas.gal\/wp-content\/uploads\/2020\/12\/P1040294-Alto-p-Blanco-768x609.jpg 768w\" sizes=\"auto, 100vw\" \/><\/a>\n\t\t\t<\/div>\n\t\t\t\t<figcaption class='wp-caption-text gallery-caption' id='gallery-3-7315'>\n\t\t\t\tS. XO\u00c1N DO ALTO PEQUENA &#8211;  BLANCO MONFORTE &#8211; 1920\n\t\t\t\t<\/figcaption><\/figure><figure class='gallery-item'>\n\t\t\t<div class='gallery-icon landscape'>\n\t\t\t\t<a data-elementor-open-lightbox=\"yes\" data-elementor-lightbox-slideshow=\"4177dff\" data-elementor-lightbox-title=\"P1020797 Vilam g Blanco\" href='https:\/\/badaladas.gal\/wp-content\/uploads\/2020\/12\/P1020797-Vilam-g-Blanco.jpg'><img loading=\"lazy\" decoding=\"async\" width=\"1077\" height=\"808\" src=\"https:\/\/badaladas.gal\/wp-content\/uploads\/2020\/12\/P1020797-Vilam-g-Blanco.jpg\" class=\"attachment-full size-full\" alt=\"\" aria-describedby=\"gallery-3-7324\" srcset=\"https:\/\/badaladas.gal\/wp-content\/uploads\/2020\/12\/P1020797-Vilam-g-Blanco.jpg 1077w, https:\/\/badaladas.gal\/wp-content\/uploads\/2020\/12\/P1020797-Vilam-g-Blanco-300x225.jpg 300w, https:\/\/badaladas.gal\/wp-content\/uploads\/2020\/12\/P1020797-Vilam-g-Blanco-1024x768.jpg 1024w, https:\/\/badaladas.gal\/wp-content\/uploads\/2020\/12\/P1020797-Vilam-g-Blanco-768x576.jpg 768w\" sizes=\"auto, 100vw\" \/><\/a>\n\t\t\t<\/div>\n\t\t\t\t<figcaption class='wp-caption-text gallery-caption' id='gallery-3-7324'>\n\t\t\t\tVILAMOR GRANDE &#8211; BLANCO MONFORTE  1936\n\t\t\t\t<\/figcaption><\/figure><figure class='gallery-item'>\n\t\t\t<div class='gallery-icon landscape'>\n\t\t\t\t<a data-elementor-open-lightbox=\"yes\" data-elementor-lightbox-slideshow=\"4177dff\" data-elementor-lightbox-title=\"P1020807 Vilam g Blanco\" href='https:\/\/badaladas.gal\/wp-content\/uploads\/2020\/12\/P1020807-Vilam-g-Blanco.jpg'><img loading=\"lazy\" decoding=\"async\" width=\"1339\" height=\"1016\" src=\"https:\/\/badaladas.gal\/wp-content\/uploads\/2020\/12\/P1020807-Vilam-g-Blanco.jpg\" class=\"attachment-full size-full\" alt=\"\" aria-describedby=\"gallery-3-7431\" srcset=\"https:\/\/badaladas.gal\/wp-content\/uploads\/2020\/12\/P1020807-Vilam-g-Blanco.jpg 1339w, https:\/\/badaladas.gal\/wp-content\/uploads\/2020\/12\/P1020807-Vilam-g-Blanco-300x228.jpg 300w, https:\/\/badaladas.gal\/wp-content\/uploads\/2020\/12\/P1020807-Vilam-g-Blanco-1024x777.jpg 1024w, https:\/\/badaladas.gal\/wp-content\/uploads\/2020\/12\/P1020807-Vilam-g-Blanco-768x583.jpg 768w\" sizes=\"auto, 100vw\" \/><\/a>\n\t\t\t<\/div>\n\t\t\t\t<figcaption class='wp-caption-text gallery-caption' id='gallery-3-7431'>\n\t\t\t\tVILAMOR GRANDE &#8211; BLANCO MONFORTE  1936\n\t\t\t\t<\/figcaption><\/figure><figure class='gallery-item'>\n\t\t\t<div class='gallery-icon landscape'>\n\t\t\t\t<a data-elementor-open-lightbox=\"yes\" data-elementor-lightbox-slideshow=\"4177dff\" data-elementor-lightbox-title=\"P1040458Renche p Blanco Monforte\" href='https:\/\/badaladas.gal\/wp-content\/uploads\/2020\/12\/P1040458Renche-p-Blanco-Monforte.jpg'><img loading=\"lazy\" decoding=\"async\" width=\"957\" height=\"718\" src=\"https:\/\/badaladas.gal\/wp-content\/uploads\/2020\/12\/P1040458Renche-p-Blanco-Monforte.jpg\" class=\"attachment-full size-full\" alt=\"\" aria-describedby=\"gallery-3-7269\" srcset=\"https:\/\/badaladas.gal\/wp-content\/uploads\/2020\/12\/P1040458Renche-p-Blanco-Monforte.jpg 957w, https:\/\/badaladas.gal\/wp-content\/uploads\/2020\/12\/P1040458Renche-p-Blanco-Monforte-300x225.jpg 300w, https:\/\/badaladas.gal\/wp-content\/uploads\/2020\/12\/P1040458Renche-p-Blanco-Monforte-768x576.jpg 768w\" sizes=\"auto, 100vw\" \/><\/a>\n\t\t\t<\/div>\n\t\t\t\t<figcaption class='wp-caption-text gallery-caption' id='gallery-3-7269'>\n\t\t\t\tRENCHE PEQUENA &#8211; BLANCO MONFORTE 1953\n\t\t\t\t<\/figcaption><\/figure>\n\t\t<\/div>\n\t\t<\/div>\n\t\t\t\t<\/div>\n\t\t\t\t<\/div>\n\t\t\t\t\t\t<\/div>\n\t\t\t\t\t<\/div>\n\t\t<\/div>\n\t\t\t\t\t\t\t\t<\/div>\n\t\t\t\t\t<\/div>\n\t\t<\/section>\n\t\t\t\t<section class=\"elementor-section elementor-top-section elementor-element elementor-element-9d4595e elementor-section-stretched elementor-section-boxed elementor-section-height-default elementor-section-height-default\" data-id=\"9d4595e\" data-element_type=\"section\" data-settings=\"{&quot;stretch_section&quot;:&quot;section-stretched&quot;}\">\n\t\t\t\t\t\t<div class=\"elementor-container elementor-column-gap-default\">\n\t\t\t\t\t\t\t<div class=\"elementor-row\">\n\t\t\t\t\t<div class=\"elementor-column elementor-col-100 elementor-top-column elementor-element elementor-element-68b4978\" data-id=\"68b4978\" data-element_type=\"column\">\n\t\t\t<div class=\"elementor-column-wrap elementor-element-populated\">\n\t\t\t\t\t\t\t<div class=\"elementor-widget-wrap\">\n\t\t\t\t\t\t<div class=\"elementor-element elementor-element-c2016e6 elementor-widget elementor-widget-heading\" data-id=\"c2016e6\" data-element_type=\"widget\" data-widget_type=\"heading.default\">\n\t\t\t\t<div class=\"elementor-widget-container\">\n\t\t\t<h2 class=\"elementor-heading-title elementor-size-xl\">JUAN MAR\u00cdA DE LA SOTA<\/h2>\t\t<\/div>\n\t\t\t\t<\/div>\n\t\t\t\t<div class=\"elementor-element elementor-element-13e2545 elementor-widget elementor-widget-text-editor\" data-id=\"13e2545\" data-element_type=\"widget\" data-widget_type=\"text-editor.default\">\n\t\t\t\t<div class=\"elementor-widget-container\">\n\t\t\t\t\t\t\t\t<div class=\"elementor-text-editor elementor-clearfix\">\n\t\t\t\t\t<p><strong><span style=\"color: #003366;\">Juan Mar\u00eda de la Sota foi un fundidor de camp\u00e1s de Lugo. As camp\u00e1s que aparecen neste traballo van desde ao ano 1880 ao 1917. Hai constancia dun contrato asinado por Juan Mar\u00eda de la Sota onde di: &#8220;Yo, el fundidor de campanas Juan Mar\u00eda de la Sota, vecino de Lugo, fund\u00ed una campana nueva para Santa Mar\u00eda de Fij\u00f3s, de peso de 107 libras castellanas, tomando en cuenta otra vieja de igual peso\u2026 y, para que as\u00ed conste, firmo la presente en San Juan del Campo a 18 de abril de 1882&#8221;.<\/span><\/strong><\/p><p><span style=\"color: #003366;\">(Fonte: Estanislao Fern\u00e1ndez de La Cigo\u00f1a)<\/span><strong><span style=\"color: #003366;\"><br \/><\/span><\/strong><\/p>\t\t\t\t\t<\/div>\n\t\t\t\t\t\t<\/div>\n\t\t\t\t<\/div>\n\t\t\t\t<div class=\"elementor-element elementor-element-e2836d3 elementor-widget elementor-widget-text-editor\" data-id=\"e2836d3\" data-element_type=\"widget\" data-widget_type=\"text-editor.default\">\n\t\t\t\t<div class=\"elementor-widget-container\">\n\t\t\t\t\t\t\t\t<div class=\"elementor-text-editor elementor-clearfix\">\n\t\t\t\t\t<p><strong><span style=\"color: #003366;\"><span style=\"color: #993300;\">Juan Mar\u00eda de la Sota fue un fundidor de campanas de Lugo. Las campanas que aparecen en este trabajo van desde el a\u00f1o 1880 a 1917. Hay constancia de un contrato firmado por Juan Mar\u00eda de la Sota donde dice: &#8220;Yo, el fundidor de campanas Juan Mar\u00eda de la Sota, vecino de Lugo, fund\u00ed una campana nueva para Santa Mar\u00eda de Fij\u00f3s, de peso de 107 libras castellanas, tomando en cuenta otra vieja de igual peso\u2026 y, para que as\u00ed conste, firmo la presente en San Juan del Campo a 18 de abril de 1882&#8221;.<\/span><\/span><\/strong><\/p><p><span style=\"color: #003366;\"><span style=\"color: #993300;\">(Fuente: Estanislao Fern\u00e1ndez de La Cigo\u00f1a<\/span><\/span><span style=\"color: #003366;\"> )<\/span><strong><span style=\"color: #003366;\"><br \/><\/span><\/strong><\/p>\t\t\t\t\t<\/div>\n\t\t\t\t\t\t<\/div>\n\t\t\t\t<\/div>\n\t\t\t\t<div class=\"elementor-element elementor-element-f9959c4 elementor-widget elementor-widget-text-editor\" data-id=\"f9959c4\" data-element_type=\"widget\" data-widget_type=\"text-editor.default\">\n\t\t\t\t<div class=\"elementor-widget-container\">\n\t\t\t\t\t\t\t\t<div class=\"elementor-text-editor elementor-clearfix\">\n\t\t\t\t\t<p><em><span style=\"color: #000080;\"><strong>Juan Mar\u00eda de la Sota was a bells smelter from Lugo. The bells included in this research range from 1880 to 1917. There is evidence of a contract signed by Juan Mar\u00eda de la Sota where he says: &#8220;Me, the bell smelter Juan Mar\u00eda de la Sota, neighbor from Lugo, founded a new bell for Santa Mar\u00eda de Fij\u00f3s, with 107 Castilian pounds weight, taking into account another older of equal weight&#8230; and, for this purpose, I sign the present in San Juan del Campo on April 18, 1882&#8221;.<\/strong><\/span><\/em><\/p><p><em><span style=\"color: #000080;\">(Information source: Estanislao Fern\u00e1ndez de La Cigo\u00f1a)<\/span><\/em><\/p>\t\t\t\t\t<\/div>\n\t\t\t\t\t\t<\/div>\n\t\t\t\t<\/div>\n\t\t\t\t<div class=\"elementor-element elementor-element-27cbbff elementor-widget elementor-widget-text-editor\" data-id=\"27cbbff\" data-element_type=\"widget\" data-widget_type=\"text-editor.default\">\n\t\t\t\t<div class=\"elementor-widget-container\">\n\t\t\t\t\t\t\t\t<div class=\"elementor-text-editor elementor-clearfix\">\n\t\t\t\t\t<p style=\"text-align: center;\"><span style=\"color: #003366;\"><strong>CAMP\u00c1S DE JUAN MAR\u00cdA DE LA SOTA<\/strong><\/span>\/<strong><span style=\"color: #993300;\">CAMPANAS DE JUAN MAR\u00cdA DE LA SOTA<\/span><\/strong>\/<em><strong><span style=\"color: #000080;\">JUAN MAR\u00cdA DE LA SOTA<\/span><\/strong><\/em> <em><strong><span style=\"color: #000080;\">BELLS<br \/><\/span><\/strong><\/em><\/p><p style=\"text-align: center;\"><strong><a href=\"https:\/\/badaladas.gal\/index.php\/linares-2\/\"><span style=\"text-decoration: underline;\"><span style=\"color: #380808; text-decoration: underline;\">Li\u00f1ares pequena<\/span><\/span><\/a><span style=\"color: #380808;\">\u00a0\u00a0\u00a0 \u00a0 \u00a0 \u00a0 \u00a0 \u00a0 \u00a0\u00a0 <a style=\"color: #380808;\" href=\"https:\/\/badaladas.gal\/index.php\/san-cristovo-do-real\/\"><span style=\"text-decoration: underline;\">San Cristovo do Real pequena<\/span><\/a>\u00a0 \u00a0 \u00a0 \u00a0 \u00a0 \u00a0 \u00a0 \u00a0 <a style=\"color: #380808;\" href=\"https:\/\/badaladas.gal\/index.php\/a-magdalena\/\"><span style=\"text-decoration: underline;\">Sarria Madanela pequena<\/span><\/a> \u00a0\u00a0 \u00a0 \u00a0\u00a0 \u00a0 \u00a0 \u00a0 \u00a0\u00a0 \u00a0 <a style=\"color: #380808;\" href=\"https:\/\/badaladas.gal\/index.php\/lestedo\/\"><span style=\"text-decoration: underline;\">Lestedo grande<\/span><\/a>\u00a0\u00a0\u00a0\u00a0\u00a0 \u00a0\u00a0 \u00a0\u00a0 \u00a0\u00a0\u00a0 <a style=\"color: #380808;\" href=\"https:\/\/badaladas.gal\/index.php\/elementor-162\/\"><span style=\"text-decoration: underline;\">Boente grande<\/span><\/a>\u00a0\u00a0\u00a0\u00a0\u00a0\u00a0 <a style=\"color: #380808;\" href=\"https:\/\/badaladas.gal\/index.php\/degolada\/\"><span style=\"text-decoration: underline;\">Degolada<\/span><\/a> \u00a0 \u00a0 \u00a0 \u00a0 \u00a0 \u00a0 \u00a0 \u00a0\u00a0 <a style=\"color: #380808;\" href=\"https:\/\/badaladas.gal\/index.php\/a-lastra\/\"><span style=\"text-decoration: underline;\">A Lastra<\/span><\/a> \u00a0 \u00a0 \u00a0 \u00a0 \u00a0 \u00a0 \u00a0 \u00a0\u00a0 <a style=\"color: #380808;\" href=\"https:\/\/badaladas.gal\/index.php\/a-fontaneira\/\"><span style=\"text-decoration: underline;\">A Fontaneira grande<\/span><\/a> \u00a0 \u00a0 \u00a0 \u00a0 \u00a0 \u00a0 \u00a0 \u00a0\u00a0 <a style=\"color: #380808;\" href=\"https:\/\/badaladas.gal\/index.php\/santiago-a-nova\/\"><span style=\"text-decoration: underline;\">Santiago A Nova (Lugo) pequena<\/span><\/a>\u00a0\u00a0 \u00a0 \u00a0 \u00a0 \u00a0\u00a0 \u00a0\u00a0\u00a0\u00a0\u00a0 <\/span><a href=\"https:\/\/badaladas.gal\/index.php\/o-burgo\/\"><span style=\"text-decoration: underline;\"><span style=\"color: #380808; text-decoration: underline;\">San Vicente do Burgo<\/span> (2)<\/span><\/a><\/strong><\/p>\t\t\t\t\t<\/div>\n\t\t\t\t\t\t<\/div>\n\t\t\t\t<\/div>\n\t\t\t\t<div class=\"elementor-element elementor-element-158616a gallery-spacing-custom elementor-widget elementor-widget-image-gallery\" data-id=\"158616a\" data-element_type=\"widget\" data-widget_type=\"image-gallery.default\">\n\t\t\t\t<div class=\"elementor-widget-container\">\n\t\t\t\t\t<div class=\"elementor-image-gallery\">\n\t\t\t<div id='gallery-4' class='gallery galleryid-7263 gallery-columns-3 gallery-size-full'><figure class='gallery-item'>\n\t\t\t<div class='gallery-icon portrait'>\n\t\t\t\t<a data-elementor-open-lightbox=\"yes\" data-elementor-lightbox-slideshow=\"158616a\" data-elementor-lightbox-title=\"P1030156 Burgo md Juan M de la Sota\" href='https:\/\/badaladas.gal\/wp-content\/uploads\/2020\/12\/P1030156-Burgo-md-Juan-M-de-la-Sota.jpg'><img loading=\"lazy\" decoding=\"async\" width=\"833\" height=\"1145\" src=\"https:\/\/badaladas.gal\/wp-content\/uploads\/2020\/12\/P1030156-Burgo-md-Juan-M-de-la-Sota.jpg\" class=\"attachment-full size-full\" alt=\"\" aria-describedby=\"gallery-4-7465\" srcset=\"https:\/\/badaladas.gal\/wp-content\/uploads\/2020\/12\/P1030156-Burgo-md-Juan-M-de-la-Sota.jpg 833w, https:\/\/badaladas.gal\/wp-content\/uploads\/2020\/12\/P1030156-Burgo-md-Juan-M-de-la-Sota-218x300.jpg 218w, https:\/\/badaladas.gal\/wp-content\/uploads\/2020\/12\/P1030156-Burgo-md-Juan-M-de-la-Sota-745x1024.jpg 745w, https:\/\/badaladas.gal\/wp-content\/uploads\/2020\/12\/P1030156-Burgo-md-Juan-M-de-la-Sota-768x1056.jpg 768w\" sizes=\"auto, 100vw\" \/><\/a>\n\t\t\t<\/div>\n\t\t\t\t<figcaption class='wp-caption-text gallery-caption' id='gallery-4-7465'>\n\t\t\t\tS. VICENTE DO BURGO MEDIANA &#8211; JUAN M\u00aa DE LA SOTA   1880\n\t\t\t\t<\/figcaption><\/figure><figure class='gallery-item'>\n\t\t\t<div class='gallery-icon landscape'>\n\t\t\t\t<a data-elementor-open-lightbox=\"yes\" data-elementor-lightbox-slideshow=\"158616a\" data-elementor-lightbox-title=\"P1030181 Burgo p Sota\" href='https:\/\/badaladas.gal\/wp-content\/uploads\/2020\/12\/P1030181-Burgo-p-Sota.jpg'><img loading=\"lazy\" decoding=\"async\" width=\"1069\" height=\"796\" src=\"https:\/\/badaladas.gal\/wp-content\/uploads\/2020\/12\/P1030181-Burgo-p-Sota.jpg\" class=\"attachment-full size-full\" alt=\"\" aria-describedby=\"gallery-4-7466\" srcset=\"https:\/\/badaladas.gal\/wp-content\/uploads\/2020\/12\/P1030181-Burgo-p-Sota.jpg 1069w, https:\/\/badaladas.gal\/wp-content\/uploads\/2020\/12\/P1030181-Burgo-p-Sota-300x223.jpg 300w, https:\/\/badaladas.gal\/wp-content\/uploads\/2020\/12\/P1030181-Burgo-p-Sota-1024x762.jpg 1024w, https:\/\/badaladas.gal\/wp-content\/uploads\/2020\/12\/P1030181-Burgo-p-Sota-768x572.jpg 768w\" sizes=\"auto, 100vw\" \/><\/a>\n\t\t\t<\/div>\n\t\t\t\t<figcaption class='wp-caption-text gallery-caption' id='gallery-4-7466'>\n\t\t\t\tS. VICENTE DO BURGO PEQUENA &#8211; JUAN M\u00aa DE LA SOTA   1865?  1895?\n\t\t\t\t<\/figcaption><\/figure><figure class='gallery-item'>\n\t\t\t<div class='gallery-icon landscape'>\n\t\t\t\t<a data-elementor-open-lightbox=\"yes\" data-elementor-lightbox-slideshow=\"158616a\" data-elementor-lightbox-title=\"P1040371 Carme md Sota\" href='https:\/\/badaladas.gal\/wp-content\/uploads\/2020\/12\/P1040371-Carme-md-Sota.jpg'><img loading=\"lazy\" decoding=\"async\" width=\"1404\" height=\"1053\" src=\"https:\/\/badaladas.gal\/wp-content\/uploads\/2020\/12\/P1040371-Carme-md-Sota.jpg\" class=\"attachment-full size-full\" alt=\"\" aria-describedby=\"gallery-4-7469\" srcset=\"https:\/\/badaladas.gal\/wp-content\/uploads\/2020\/12\/P1040371-Carme-md-Sota.jpg 1404w, https:\/\/badaladas.gal\/wp-content\/uploads\/2020\/12\/P1040371-Carme-md-Sota-300x225.jpg 300w, https:\/\/badaladas.gal\/wp-content\/uploads\/2020\/12\/P1040371-Carme-md-Sota-1024x768.jpg 1024w, https:\/\/badaladas.gal\/wp-content\/uploads\/2020\/12\/P1040371-Carme-md-Sota-768x576.jpg 768w\" sizes=\"auto, 100vw\" \/><\/a>\n\t\t\t<\/div>\n\t\t\t\t<figcaption class='wp-caption-text gallery-caption' id='gallery-4-7469'>\n\t\t\t\tCAPELA DO CARME LUGO &#8211; JOSE SOTA   1892\n\t\t\t\t<\/figcaption><\/figure><figure class='gallery-item'>\n\t\t\t<div class='gallery-icon portrait'>\n\t\t\t\t<a data-elementor-open-lightbox=\"yes\" data-elementor-lightbox-slideshow=\"158616a\" data-elementor-lightbox-title=\"P1000774 Li\u00f1 p Juan M de la Sota\" href='https:\/\/badaladas.gal\/wp-content\/uploads\/2020\/12\/P1000774-Lin-p-Juan-M-de-la-Sota.jpg'><img loading=\"lazy\" decoding=\"async\" width=\"629\" height=\"907\" src=\"https:\/\/badaladas.gal\/wp-content\/uploads\/2020\/12\/P1000774-Lin-p-Juan-M-de-la-Sota.jpg\" class=\"attachment-full size-full\" alt=\"\" aria-describedby=\"gallery-4-7462\" srcset=\"https:\/\/badaladas.gal\/wp-content\/uploads\/2020\/12\/P1000774-Lin-p-Juan-M-de-la-Sota.jpg 629w, https:\/\/badaladas.gal\/wp-content\/uploads\/2020\/12\/P1000774-Lin-p-Juan-M-de-la-Sota-208x300.jpg 208w\" sizes=\"auto, 100vw\" \/><\/a>\n\t\t\t<\/div>\n\t\t\t\t<figcaption class='wp-caption-text gallery-caption' id='gallery-4-7462'>\n\t\t\t\tLI\u00d1ARES PEQUENA &#8211; JUAN M\u00aa DE LA SOTA   1896\n\t\t\t\t<\/figcaption><\/figure><figure class='gallery-item'>\n\t\t\t<div class='gallery-icon portrait'>\n\t\t\t\t<a data-elementor-open-lightbox=\"yes\" data-elementor-lightbox-slideshow=\"158616a\" data-elementor-lightbox-title=\"P1000763 Li\u00f1 p Sota\" href='https:\/\/badaladas.gal\/wp-content\/uploads\/2020\/12\/P1000763-Lin-p-Sota.jpg'><img loading=\"lazy\" decoding=\"async\" width=\"1050\" height=\"1079\" src=\"https:\/\/badaladas.gal\/wp-content\/uploads\/2020\/12\/P1000763-Lin-p-Sota.jpg\" class=\"attachment-full size-full\" alt=\"\" aria-describedby=\"gallery-4-7459\" srcset=\"https:\/\/badaladas.gal\/wp-content\/uploads\/2020\/12\/P1000763-Lin-p-Sota.jpg 1050w, https:\/\/badaladas.gal\/wp-content\/uploads\/2020\/12\/P1000763-Lin-p-Sota-292x300.jpg 292w, https:\/\/badaladas.gal\/wp-content\/uploads\/2020\/12\/P1000763-Lin-p-Sota-996x1024.jpg 996w, https:\/\/badaladas.gal\/wp-content\/uploads\/2020\/12\/P1000763-Lin-p-Sota-768x789.jpg 768w\" sizes=\"auto, 100vw\" \/><\/a>\n\t\t\t<\/div>\n\t\t\t\t<figcaption class='wp-caption-text gallery-caption' id='gallery-4-7459'>\n\t\t\t\tLI\u00d1ARES PEQUENA &#8211; JUAN M\u00aa DE LA SOTA   1896\n\t\t\t\t<\/figcaption><\/figure><figure class='gallery-item'>\n\t\t\t<div class='gallery-icon landscape'>\n\t\t\t\t<a data-elementor-open-lightbox=\"yes\" data-elementor-lightbox-slideshow=\"158616a\" data-elementor-lightbox-title=\"P1000762 Li\u00f1 p Juan M de la Sota\" href='https:\/\/badaladas.gal\/wp-content\/uploads\/2020\/12\/P1000762-Lin-p-Juan-M-de-la-Sota.jpg'><img loading=\"lazy\" decoding=\"async\" width=\"1537\" height=\"870\" src=\"https:\/\/badaladas.gal\/wp-content\/uploads\/2020\/12\/P1000762-Lin-p-Juan-M-de-la-Sota.jpg\" class=\"attachment-full size-full\" alt=\"\" aria-describedby=\"gallery-4-7458\" srcset=\"https:\/\/badaladas.gal\/wp-content\/uploads\/2020\/12\/P1000762-Lin-p-Juan-M-de-la-Sota.jpg 1537w, https:\/\/badaladas.gal\/wp-content\/uploads\/2020\/12\/P1000762-Lin-p-Juan-M-de-la-Sota-300x170.jpg 300w, https:\/\/badaladas.gal\/wp-content\/uploads\/2020\/12\/P1000762-Lin-p-Juan-M-de-la-Sota-1024x580.jpg 1024w, https:\/\/badaladas.gal\/wp-content\/uploads\/2020\/12\/P1000762-Lin-p-Juan-M-de-la-Sota-768x435.jpg 768w\" sizes=\"auto, 100vw\" \/><\/a>\n\t\t\t<\/div>\n\t\t\t\t<figcaption class='wp-caption-text gallery-caption' id='gallery-4-7458'>\n\t\t\t\tLI\u00d1ARES PEQUENA &#8211; JUAN M\u00aa DE LA SOTA   1896\n\t\t\t\t<\/figcaption><\/figure><figure class='gallery-item'>\n\t\t\t<div class='gallery-icon landscape'>\n\t\t\t\t<a data-elementor-open-lightbox=\"yes\" data-elementor-lightbox-slideshow=\"158616a\" data-elementor-lightbox-title=\"P1000768 Li\u00f1 p Juan M de la Sota S Barbara\" href='https:\/\/badaladas.gal\/wp-content\/uploads\/2020\/12\/P1000768-Lin-p-Juan-M-de-la-Sota-S-Barbara.jpg'><img loading=\"lazy\" decoding=\"async\" width=\"1050\" height=\"788\" src=\"https:\/\/badaladas.gal\/wp-content\/uploads\/2020\/12\/P1000768-Lin-p-Juan-M-de-la-Sota-S-Barbara.jpg\" class=\"attachment-full size-full\" alt=\"\" aria-describedby=\"gallery-4-7460\" srcset=\"https:\/\/badaladas.gal\/wp-content\/uploads\/2020\/12\/P1000768-Lin-p-Juan-M-de-la-Sota-S-Barbara.jpg 1050w, https:\/\/badaladas.gal\/wp-content\/uploads\/2020\/12\/P1000768-Lin-p-Juan-M-de-la-Sota-S-Barbara-300x225.jpg 300w, https:\/\/badaladas.gal\/wp-content\/uploads\/2020\/12\/P1000768-Lin-p-Juan-M-de-la-Sota-S-Barbara-1024x768.jpg 1024w, https:\/\/badaladas.gal\/wp-content\/uploads\/2020\/12\/P1000768-Lin-p-Juan-M-de-la-Sota-S-Barbara-768x576.jpg 768w\" sizes=\"auto, 100vw\" \/><\/a>\n\t\t\t<\/div>\n\t\t\t\t<figcaption class='wp-caption-text gallery-caption' id='gallery-4-7460'>\n\t\t\t\tLI\u00d1ARES PEQUENA &#8211; JUAN M\u00aa DE LA SOTA   1896  &#8220;SA B\u00c1RBARA&#8221;\n\t\t\t\t<\/figcaption><\/figure><figure class='gallery-item'>\n\t\t\t<div class='gallery-icon landscape'>\n\t\t\t\t<a data-elementor-open-lightbox=\"yes\" data-elementor-lightbox-slideshow=\"158616a\" data-elementor-lightbox-title=\"P1000768 Li\u00f1 p Juan M de la Sota volteada\" href='https:\/\/badaladas.gal\/wp-content\/uploads\/2020\/12\/P1000768-Lin-p-Juan-M-de-la-Sota-volteada.jpg'><img loading=\"lazy\" decoding=\"async\" width=\"1050\" height=\"788\" src=\"https:\/\/badaladas.gal\/wp-content\/uploads\/2020\/12\/P1000768-Lin-p-Juan-M-de-la-Sota-volteada.jpg\" class=\"attachment-full size-full\" alt=\"\" aria-describedby=\"gallery-4-7461\" srcset=\"https:\/\/badaladas.gal\/wp-content\/uploads\/2020\/12\/P1000768-Lin-p-Juan-M-de-la-Sota-volteada.jpg 1050w, https:\/\/badaladas.gal\/wp-content\/uploads\/2020\/12\/P1000768-Lin-p-Juan-M-de-la-Sota-volteada-300x225.jpg 300w, https:\/\/badaladas.gal\/wp-content\/uploads\/2020\/12\/P1000768-Lin-p-Juan-M-de-la-Sota-volteada-1024x768.jpg 1024w, https:\/\/badaladas.gal\/wp-content\/uploads\/2020\/12\/P1000768-Lin-p-Juan-M-de-la-Sota-volteada-768x576.jpg 768w\" sizes=\"auto, 100vw\" \/><\/a>\n\t\t\t<\/div>\n\t\t\t\t<figcaption class='wp-caption-text gallery-caption' id='gallery-4-7461'>\n\t\t\t\tLI\u00d1ARES PEQUENA &#8211; JUAN M\u00aa DE LA SOTA   1896    &#8220;SA B\u00c1RBARA&#8221;\n\t\t\t\t<\/figcaption><\/figure><figure class='gallery-item'>\n\t\t\t<div class='gallery-icon landscape'>\n\t\t\t\t<a data-elementor-open-lightbox=\"yes\" data-elementor-lightbox-slideshow=\"158616a\" data-elementor-lightbox-title=\"P1030233 Dego Juan M de la Sota\" href='https:\/\/badaladas.gal\/wp-content\/uploads\/2020\/12\/P1030233-Dego-Juan-M-de-la-Sota.jpg'><img loading=\"lazy\" decoding=\"async\" width=\"1315\" height=\"987\" src=\"https:\/\/badaladas.gal\/wp-content\/uploads\/2020\/12\/P1030233-Dego-Juan-M-de-la-Sota.jpg\" class=\"attachment-full size-full\" alt=\"\" aria-describedby=\"gallery-4-7467\" srcset=\"https:\/\/badaladas.gal\/wp-content\/uploads\/2020\/12\/P1030233-Dego-Juan-M-de-la-Sota.jpg 1315w, https:\/\/badaladas.gal\/wp-content\/uploads\/2020\/12\/P1030233-Dego-Juan-M-de-la-Sota-300x225.jpg 300w, https:\/\/badaladas.gal\/wp-content\/uploads\/2020\/12\/P1030233-Dego-Juan-M-de-la-Sota-1024x769.jpg 1024w, https:\/\/badaladas.gal\/wp-content\/uploads\/2020\/12\/P1030233-Dego-Juan-M-de-la-Sota-768x576.jpg 768w\" sizes=\"auto, 100vw\" \/><\/a>\n\t\t\t<\/div>\n\t\t\t\t<figcaption class='wp-caption-text gallery-caption' id='gallery-4-7467'>\n\t\t\t\tDEGOLADA &#8211; JUAN M\u00aa DE LA SOTA   1913\n\t\t\t\t<\/figcaption><\/figure><figure class='gallery-item'>\n\t\t\t<div class='gallery-icon landscape'>\n\t\t\t\t<a data-elementor-open-lightbox=\"yes\" data-elementor-lightbox-slideshow=\"158616a\" data-elementor-lightbox-title=\"P1030244 Dego Juan M de la Sota\" href='https:\/\/badaladas.gal\/wp-content\/uploads\/2020\/12\/P1030244-Dego-Juan-M-de-la-Sota-2.jpg'><img loading=\"lazy\" decoding=\"async\" width=\"1224\" height=\"918\" src=\"https:\/\/badaladas.gal\/wp-content\/uploads\/2020\/12\/P1030244-Dego-Juan-M-de-la-Sota-2.jpg\" class=\"attachment-full size-full\" alt=\"\" aria-describedby=\"gallery-4-7471\" srcset=\"https:\/\/badaladas.gal\/wp-content\/uploads\/2020\/12\/P1030244-Dego-Juan-M-de-la-Sota-2.jpg 1224w, https:\/\/badaladas.gal\/wp-content\/uploads\/2020\/12\/P1030244-Dego-Juan-M-de-la-Sota-2-300x225.jpg 300w, https:\/\/badaladas.gal\/wp-content\/uploads\/2020\/12\/P1030244-Dego-Juan-M-de-la-Sota-2-1024x768.jpg 1024w, https:\/\/badaladas.gal\/wp-content\/uploads\/2020\/12\/P1030244-Dego-Juan-M-de-la-Sota-2-768x576.jpg 768w\" sizes=\"auto, 100vw\" \/><\/a>\n\t\t\t<\/div>\n\t\t\t\t<figcaption class='wp-caption-text gallery-caption' id='gallery-4-7471'>\n\t\t\t\tDEGOLADA &#8211; JUAN M\u00aa DE LA SOTA   1913\n\t\t\t\t<\/figcaption><\/figure><figure class='gallery-item'>\n\t\t\t<div class='gallery-icon landscape'>\n\t\t\t\t<a data-elementor-open-lightbox=\"yes\" data-elementor-lightbox-slideshow=\"158616a\" data-elementor-lightbox-title=\"P1020455 Boent g Sota\" href='https:\/\/badaladas.gal\/wp-content\/uploads\/2020\/12\/P1020455-Boent-g-Sota.jpg'><img loading=\"lazy\" decoding=\"async\" width=\"1077\" height=\"808\" src=\"https:\/\/badaladas.gal\/wp-content\/uploads\/2020\/12\/P1020455-Boent-g-Sota.jpg\" class=\"attachment-full size-full\" alt=\"\" aria-describedby=\"gallery-4-7477\" srcset=\"https:\/\/badaladas.gal\/wp-content\/uploads\/2020\/12\/P1020455-Boent-g-Sota.jpg 1077w, https:\/\/badaladas.gal\/wp-content\/uploads\/2020\/12\/P1020455-Boent-g-Sota-300x225.jpg 300w, https:\/\/badaladas.gal\/wp-content\/uploads\/2020\/12\/P1020455-Boent-g-Sota-1024x768.jpg 1024w, https:\/\/badaladas.gal\/wp-content\/uploads\/2020\/12\/P1020455-Boent-g-Sota-768x576.jpg 768w\" sizes=\"auto, 100vw\" \/><\/a>\n\t\t\t<\/div>\n\t\t\t\t<figcaption class='wp-caption-text gallery-caption' id='gallery-4-7477'>\n\t\t\t\tBOENTE GRANDE &#8211; JUAN M\u00aa DE LA SOTA   1917\n\t\t\t\t<\/figcaption><\/figure><figure class='gallery-item'>\n\t\t\t<div class='gallery-icon landscape'>\n\t\t\t\t<a data-elementor-open-lightbox=\"yes\" data-elementor-lightbox-slideshow=\"158616a\" data-elementor-lightbox-title=\"P1020465 Boen g\" href='https:\/\/badaladas.gal\/wp-content\/uploads\/2020\/12\/P1020465-Boen-g.jpg'><img loading=\"lazy\" decoding=\"async\" width=\"1224\" height=\"918\" src=\"https:\/\/badaladas.gal\/wp-content\/uploads\/2020\/12\/P1020465-Boen-g.jpg\" class=\"attachment-full size-full\" alt=\"\" aria-describedby=\"gallery-4-7464\" srcset=\"https:\/\/badaladas.gal\/wp-content\/uploads\/2020\/12\/P1020465-Boen-g.jpg 1224w, https:\/\/badaladas.gal\/wp-content\/uploads\/2020\/12\/P1020465-Boen-g-300x225.jpg 300w, https:\/\/badaladas.gal\/wp-content\/uploads\/2020\/12\/P1020465-Boen-g-1024x768.jpg 1024w, https:\/\/badaladas.gal\/wp-content\/uploads\/2020\/12\/P1020465-Boen-g-768x576.jpg 768w\" sizes=\"auto, 100vw\" \/><\/a>\n\t\t\t<\/div>\n\t\t\t\t<figcaption class='wp-caption-text gallery-caption' id='gallery-4-7464'>\n\t\t\t\tBOENTE GRANDE &#8211; JUAN M\u00aa DE LA SOTA   1917\n\t\t\t\t<\/figcaption><\/figure>\n\t\t<\/div>\n\t\t<\/div>\n\t\t\t\t<\/div>\n\t\t\t\t<\/div>\n\t\t\t\t\t\t<\/div>\n\t\t\t\t\t<\/div>\n\t\t<\/div>\n\t\t\t\t\t\t\t\t<\/div>\n\t\t\t\t\t<\/div>\n\t\t<\/section>\n\t\t\t\t<section class=\"elementor-section elementor-top-section elementor-element elementor-element-3133242 elementor-section-stretched elementor-section-boxed elementor-section-height-default elementor-section-height-default\" data-id=\"3133242\" data-element_type=\"section\" data-settings=\"{&quot;stretch_section&quot;:&quot;section-stretched&quot;}\">\n\t\t\t\t\t\t<div class=\"elementor-container elementor-column-gap-default\">\n\t\t\t\t\t\t\t<div class=\"elementor-row\">\n\t\t\t\t\t<div class=\"elementor-column elementor-col-100 elementor-top-column elementor-element elementor-element-ac29a53\" data-id=\"ac29a53\" data-element_type=\"column\">\n\t\t\t<div class=\"elementor-column-wrap elementor-element-populated\">\n\t\t\t\t\t\t\t<div class=\"elementor-widget-wrap\">\n\t\t\t\t\t\t<div class=\"elementor-element elementor-element-0fa324c elementor-widget elementor-widget-heading\" data-id=\"0fa324c\" data-element_type=\"widget\" data-widget_type=\"heading.default\">\n\t\t\t\t<div class=\"elementor-widget-container\">\n\t\t\t<h2 class=\"elementor-heading-title elementor-size-xl\">O C A M P O<\/h2>\t\t<\/div>\n\t\t\t\t<\/div>\n\t\t\t\t<div class=\"elementor-element elementor-element-c6c98c5 elementor-widget elementor-widget-text-editor\" data-id=\"c6c98c5\" data-element_type=\"widget\" data-widget_type=\"text-editor.default\">\n\t\t\t\t<div class=\"elementor-widget-container\">\n\t\t\t\t\t\t\t\t<div class=\"elementor-text-editor elementor-clearfix\">\n\t\t\t\t\t<p><strong><span style=\"color: #003366;\">Este obradoiro de fundici\u00f3n de camp\u00e1s v\u00e9n traballando dende o ano 1630 cando un artes\u00e1n procedente do norte de Espa\u00f1a e chamado Felipe Blanco Paz estableceuse en Arcos da Condesa, (Caldas de Reis- Pontevedra). O obradoiro tivo varios emprazamentos sempre na parroquia de Arcos da Condesa, sendo o lugar de Badoucos a actual ubicaci\u00f3n de Campanas Ocampo. A empresa est\u00e1 rexentada hoxe polo mestre campaneiro Jos\u00e9 Enrique L\u00f3pez Ocampo, sendo o \u00fanico fundidor de camp\u00e1s artesanais que queda en Galicia.<\/span><\/strong><\/p><p><span style=\"color: #003366;\">(Fonte: web de Ocampo)<\/span><strong><span style=\"color: #003366;\"><br \/><\/span><\/strong><\/p>\t\t\t\t\t<\/div>\n\t\t\t\t\t\t<\/div>\n\t\t\t\t<\/div>\n\t\t\t\t<div class=\"elementor-element elementor-element-f0ec4a3 elementor-widget elementor-widget-text-editor\" data-id=\"f0ec4a3\" data-element_type=\"widget\" data-widget_type=\"text-editor.default\">\n\t\t\t\t<div class=\"elementor-widget-container\">\n\t\t\t\t\t\t\t\t<div class=\"elementor-text-editor elementor-clearfix\">\n\t\t\t\t\t<p><strong><span style=\"color: #003366;\"><span style=\"color: #993300;\">Este taller de fundici\u00f3n de campanas\u00a0 data de 1630, cuando un artesano procedente del norte de Espa\u00f1a y llamado Felipe Blanco Paz estableci\u00f3 su taller en Arcos da Condesa (Caldas de Reis, Pontevedra). El taller tuvo varios emplazamientos siempre en esa parroquia, siendo el lugar de Badoucos la actual ubicaci\u00f3n de Campanas Ocampo. La empresa est\u00e1 actualmente regentada por el maestro campanero Jos\u00e9 Enrique L\u00f3pez Ocampo y es el \u00fanico fundidor de campanas artesanales que queda en Galicia.<\/span><\/span><\/strong><\/p><p><span style=\"color: #003366;\"><span style=\"color: #993300;\">(Fuente: web de Ocampo)<\/span><\/span><\/p>\t\t\t\t\t<\/div>\n\t\t\t\t\t\t<\/div>\n\t\t\t\t<\/div>\n\t\t\t\t<div class=\"elementor-element elementor-element-40033d2 elementor-widget elementor-widget-text-editor\" data-id=\"40033d2\" data-element_type=\"widget\" data-widget_type=\"text-editor.default\">\n\t\t\t\t<div class=\"elementor-widget-container\">\n\t\t\t\t\t\t\t\t<div class=\"elementor-text-editor elementor-clearfix\">\n\t\t\t\t\t<p><em><strong><span style=\"color: #000080;\">This bells foundry has been working since 1630, when a craftsman from the northern of Spain and named Felipe Blanco Paz established his workshop in Arcos da Condesa (Caldas de Reis, Pontevedra). The workshop had several locations in Arcos da Condesa being Badoucos the current Campanas Ocampo ubication. The company is run now by the master bell ringer Jos\u00e9 Enrique L\u00f3pez Ocampo, the only bells smelter left in Galicia.<\/span><\/strong><\/em><\/p>\n<p><em><span style=\"color: #000080;\">(Information source: web Ocampo<strong>)<\/strong><\/span><strong><span style=\"color: #000080;\"><br><\/span><\/strong><\/em><\/p>\n<p><strong><span style=\"color: #003366;\">&nbsp;<\/span><\/strong><\/p>\t\t\t\t\t<\/div>\n\t\t\t\t\t\t<\/div>\n\t\t\t\t<\/div>\n\t\t\t\t<div class=\"elementor-element elementor-element-dd42eb0 elementor-widget elementor-widget-text-editor\" data-id=\"dd42eb0\" data-element_type=\"widget\" data-widget_type=\"text-editor.default\">\n\t\t\t\t<div class=\"elementor-widget-container\">\n\t\t\t\t\t\t\t\t<div class=\"elementor-text-editor elementor-clearfix\">\n\t\t\t\t\t<p style=\"text-align: center;\"><span style=\"color: #003366;\"><strong>CAMP\u00c1S DE OCAMPO<\/strong><\/span>\/<strong><span style=\"color: #993300;\">CAMPANAS DE OCAMPO<\/span><\/strong>\/<em><strong><span style=\"color: #000080;\">OCAMPO<\/span><\/strong><\/em> <em><strong><span style=\"color: #000080;\">BELLS<br \/><\/span><\/strong><\/em><\/p><p style=\"text-align: center;\"><strong>\u00a0 \u00a0 \u00a0 \u00a0 \u00a0 \u00a0 \u00a0 \u00a0 \u00a0 \u00a0 <span style=\"color: #330808;\">\u00a0 \u00a0\u00a0 <a style=\"color: #330808;\" href=\"https:\/\/badaladas.gal\/index.php\/linares-2\/\"><span style=\"text-decoration: underline;\">Li\u00f1ares grande<\/span><\/a> \u00a0 \u00a0 \u00a0 \u00a0 \u00a0\u00a0 \u00a0 \u00a0 \u00a0 \u00a0 \u00a0 \u00a0 \u00a0 \u00a0 \u00a0 \u00a0 \u00a0 \u00a0\u00a0 \u00a0 <a style=\"color: #330808;\" href=\"https:\/\/badaladas.gal\/index.php\/hospital\/\"><span style=\"text-decoration: underline;\">Hospital grande<\/span><\/a> \u00a0 \u00a0 \u00a0 \u00a0 \u00a0 \u00a0\u00a0 \u00a0 \u00a0 \u00a0 \u00a0 \u00a0 \u00a0 \u00a0 \u00a0 \u00a0 \u00a0 \u00a0 \u00a0 <a style=\"color: #330808;\" href=\"https:\/\/badaladas.gal\/index.php\/capela-de-san-paio\/\"><span style=\"text-decoration: underline;\">Capela de San Paio<\/span><\/a> \u00a0 \u00a0 \u00a0 \u00a0 \u00a0 \u00a0 \u00a0 \u00a0 \u00a0 \u00a0 \u00a0 \u00a0 \u00a0 \u00a0\u00a0 \u00a0 \u00a0 \u00a0 \u00a0 <a style=\"color: #330808;\" href=\"https:\/\/badaladas.gal\/index.php\/sabugueira\/\"><span style=\"text-decoration: underline;\">Sabugueira pequena<\/span><\/a> \u00a0 \u00a0 \u00a0\u00a0 \u00a0 \u00a0 \u00a0 \u00a0\u00a0 \u00a0 \u00a0 \u00a0 \u00a0\u00a0 \u00a0\u00a0 \u00a0\u00a0 \u00a0\u00a0 \u00a0\u00a0 \u00a0\u00a0 \u00a0\u00a0 <a style=\"color: #330808;\" href=\"https:\/\/badaladas.gal\/index.php\/catedral-de-santiago\/\"><span style=\"text-decoration: underline;\">Catedral de Santiago campanil<\/span><\/a>\u00a0 \u00a0 \u00a0 \u00a0 \u00a0 \u00a0\u00a0 \u00a0 \u00a0 \u00a0 \u00a0 \u00a0 \u00a0 \u00a0 \u00a0 \u00a0 \u00a0 \u00a0 \u00a0 <a style=\"color: #330808;\" href=\"https:\/\/badaladas.gal\/index.php\/catedral-de-santiago\/\"><span style=\"text-decoration: underline;\">Catedral de Santiago copia Prima B\u00e1rbara<\/span><\/a><\/span><\/strong><\/p>\t\t\t\t\t<\/div>\n\t\t\t\t\t\t<\/div>\n\t\t\t\t<\/div>\n\t\t\t\t<div class=\"elementor-element elementor-element-5e3e228 gallery-spacing-custom elementor-widget elementor-widget-image-gallery\" data-id=\"5e3e228\" data-element_type=\"widget\" data-widget_type=\"image-gallery.default\">\n\t\t\t\t<div class=\"elementor-widget-container\">\n\t\t\t\t\t<div class=\"elementor-image-gallery\">\n\t\t\t<div id='gallery-5' class='gallery galleryid-7263 gallery-columns-3 gallery-size-full'><figure class='gallery-item'>\n\t\t\t<div class='gallery-icon landscape'>\n\t\t\t\t<a data-elementor-open-lightbox=\"yes\" data-elementor-lightbox-slideshow=\"5e3e228\" data-elementor-lightbox-title=\"P1000876 Paio\" href='https:\/\/badaladas.gal\/wp-content\/uploads\/2021\/01\/P1000876-Paio.jpg'><img loading=\"lazy\" decoding=\"async\" width=\"2448\" height=\"1836\" src=\"https:\/\/badaladas.gal\/wp-content\/uploads\/2021\/01\/P1000876-Paio.jpg\" class=\"attachment-full size-full\" alt=\"\" aria-describedby=\"gallery-5-7497\" srcset=\"https:\/\/badaladas.gal\/wp-content\/uploads\/2021\/01\/P1000876-Paio.jpg 2448w, https:\/\/badaladas.gal\/wp-content\/uploads\/2021\/01\/P1000876-Paio-300x225.jpg 300w, https:\/\/badaladas.gal\/wp-content\/uploads\/2021\/01\/P1000876-Paio-1024x768.jpg 1024w, https:\/\/badaladas.gal\/wp-content\/uploads\/2021\/01\/P1000876-Paio-768x576.jpg 768w, https:\/\/badaladas.gal\/wp-content\/uploads\/2021\/01\/P1000876-Paio-1536x1152.jpg 1536w, https:\/\/badaladas.gal\/wp-content\/uploads\/2021\/01\/P1000876-Paio-2048x1536.jpg 2048w\" sizes=\"auto, 100vw\" \/><\/a>\n\t\t\t<\/div>\n\t\t\t\t<figcaption class='wp-caption-text gallery-caption' id='gallery-5-7497'>\n\t\t\t\tSAN PAIO &#8211; OCAMPO   1994\n\t\t\t\t<\/figcaption><\/figure><figure class='gallery-item'>\n\t\t\t<div class='gallery-icon landscape'>\n\t\t\t\t<a data-elementor-open-lightbox=\"yes\" data-elementor-lightbox-slideshow=\"5e3e228\" data-elementor-lightbox-title=\"P1000880 Paio\" href='https:\/\/badaladas.gal\/wp-content\/uploads\/2021\/01\/P1000880-Paio.jpg'><img loading=\"lazy\" decoding=\"async\" width=\"2448\" height=\"1836\" src=\"https:\/\/badaladas.gal\/wp-content\/uploads\/2021\/01\/P1000880-Paio.jpg\" class=\"attachment-full size-full\" alt=\"\" aria-describedby=\"gallery-5-7498\" srcset=\"https:\/\/badaladas.gal\/wp-content\/uploads\/2021\/01\/P1000880-Paio.jpg 2448w, https:\/\/badaladas.gal\/wp-content\/uploads\/2021\/01\/P1000880-Paio-300x225.jpg 300w, https:\/\/badaladas.gal\/wp-content\/uploads\/2021\/01\/P1000880-Paio-1024x768.jpg 1024w, https:\/\/badaladas.gal\/wp-content\/uploads\/2021\/01\/P1000880-Paio-768x576.jpg 768w, https:\/\/badaladas.gal\/wp-content\/uploads\/2021\/01\/P1000880-Paio-1536x1152.jpg 1536w, https:\/\/badaladas.gal\/wp-content\/uploads\/2021\/01\/P1000880-Paio-2048x1536.jpg 2048w\" sizes=\"auto, 100vw\" \/><\/a>\n\t\t\t<\/div>\n\t\t\t\t<figcaption class='wp-caption-text gallery-caption' id='gallery-5-7498'>\n\t\t\t\tSAN PAIO &#8211; OCAMPO   1994\n\t\t\t\t<\/figcaption><\/figure><figure class='gallery-item'>\n\t\t\t<div class='gallery-icon landscape'>\n\t\t\t\t<a data-elementor-open-lightbox=\"yes\" data-elementor-lightbox-slideshow=\"5e3e228\" data-elementor-lightbox-title=\"P1020869 Lava p Ocampo\" href='https:\/\/badaladas.gal\/wp-content\/uploads\/2021\/01\/P1020869-Lava-p-Ocampo-scaled.jpg'><img loading=\"lazy\" decoding=\"async\" width=\"2560\" height=\"1920\" src=\"https:\/\/badaladas.gal\/wp-content\/uploads\/2021\/01\/P1020869-Lava-p-Ocampo-scaled.jpg\" class=\"attachment-full size-full\" alt=\"\" aria-describedby=\"gallery-5-7501\" srcset=\"https:\/\/badaladas.gal\/wp-content\/uploads\/2021\/01\/P1020869-Lava-p-Ocampo-scaled.jpg 2560w, https:\/\/badaladas.gal\/wp-content\/uploads\/2021\/01\/P1020869-Lava-p-Ocampo-300x225.jpg 300w, https:\/\/badaladas.gal\/wp-content\/uploads\/2021\/01\/P1020869-Lava-p-Ocampo-1024x768.jpg 1024w, https:\/\/badaladas.gal\/wp-content\/uploads\/2021\/01\/P1020869-Lava-p-Ocampo-768x576.jpg 768w, https:\/\/badaladas.gal\/wp-content\/uploads\/2021\/01\/P1020869-Lava-p-Ocampo-1536x1152.jpg 1536w, https:\/\/badaladas.gal\/wp-content\/uploads\/2021\/01\/P1020869-Lava-p-Ocampo-2048x1536.jpg 2048w\" sizes=\"auto, 100vw\" \/><\/a>\n\t\t\t<\/div>\n\t\t\t\t<figcaption class='wp-caption-text gallery-caption' id='gallery-5-7501'>\n\t\t\t\tSABUGUEIRA (LAVACOLLA) &#8211; OCAMPO   1994\n\t\t\t\t<\/figcaption><\/figure><figure class='gallery-item'>\n\t\t\t<div class='gallery-icon landscape'>\n\t\t\t\t<a data-elementor-open-lightbox=\"yes\" data-elementor-lightbox-slideshow=\"5e3e228\" data-elementor-lightbox-title=\"P1020884 Lava p Ocampo\" href='https:\/\/badaladas.gal\/wp-content\/uploads\/2021\/01\/P1020884-Lava-p-Ocampo.jpg'><img loading=\"lazy\" decoding=\"async\" width=\"979\" height=\"734\" src=\"https:\/\/badaladas.gal\/wp-content\/uploads\/2021\/01\/P1020884-Lava-p-Ocampo.jpg\" class=\"attachment-full size-full\" alt=\"\" aria-describedby=\"gallery-5-7502\" srcset=\"https:\/\/badaladas.gal\/wp-content\/uploads\/2021\/01\/P1020884-Lava-p-Ocampo.jpg 979w, https:\/\/badaladas.gal\/wp-content\/uploads\/2021\/01\/P1020884-Lava-p-Ocampo-300x225.jpg 300w, https:\/\/badaladas.gal\/wp-content\/uploads\/2021\/01\/P1020884-Lava-p-Ocampo-768x576.jpg 768w\" sizes=\"auto, 100vw\" \/><\/a>\n\t\t\t<\/div>\n\t\t\t\t<figcaption class='wp-caption-text gallery-caption' id='gallery-5-7502'>\n\t\t\t\tSABUGUEIRA (LAVACOLLA) &#8211; OCAMPO   1994\n\t\t\t\t<\/figcaption><\/figure><figure class='gallery-item'>\n\t\t\t<div class='gallery-icon landscape'>\n\t\t\t\t<a data-elementor-open-lightbox=\"yes\" data-elementor-lightbox-slideshow=\"5e3e228\" data-elementor-lightbox-title=\"P1000752 Li\u00f1 g Ocampo\" href='https:\/\/badaladas.gal\/wp-content\/uploads\/2021\/01\/P1000752-Lin-g-Ocampo-scaled.jpg'><img loading=\"lazy\" decoding=\"async\" width=\"2560\" height=\"1920\" src=\"https:\/\/badaladas.gal\/wp-content\/uploads\/2021\/01\/P1000752-Lin-g-Ocampo-scaled.jpg\" class=\"attachment-full size-full\" alt=\"\" aria-describedby=\"gallery-5-7500\" srcset=\"https:\/\/badaladas.gal\/wp-content\/uploads\/2021\/01\/P1000752-Lin-g-Ocampo-scaled.jpg 2560w, https:\/\/badaladas.gal\/wp-content\/uploads\/2021\/01\/P1000752-Lin-g-Ocampo-300x225.jpg 300w, https:\/\/badaladas.gal\/wp-content\/uploads\/2021\/01\/P1000752-Lin-g-Ocampo-1024x768.jpg 1024w, https:\/\/badaladas.gal\/wp-content\/uploads\/2021\/01\/P1000752-Lin-g-Ocampo-768x576.jpg 768w, https:\/\/badaladas.gal\/wp-content\/uploads\/2021\/01\/P1000752-Lin-g-Ocampo-1536x1152.jpg 1536w, https:\/\/badaladas.gal\/wp-content\/uploads\/2021\/01\/P1000752-Lin-g-Ocampo-2048x1536.jpg 2048w\" sizes=\"auto, 100vw\" \/><\/a>\n\t\t\t<\/div>\n\t\t\t\t<figcaption class='wp-caption-text gallery-caption' id='gallery-5-7500'>\n\t\t\t\tLI\u00d1ARES GRANDE &#8211; OCAMPO   2008\n\t\t\t\t<\/figcaption><\/figure><figure class='gallery-item'>\n\t\t\t<div class='gallery-icon landscape'>\n\t\t\t\t<a data-elementor-open-lightbox=\"yes\" data-elementor-lightbox-slideshow=\"5e3e228\" data-elementor-lightbox-title=\"P1000750 Li\u00f1 g Ocampo\" href='https:\/\/badaladas.gal\/wp-content\/uploads\/2021\/01\/P1000750-Lin-g-Ocampo.jpg'><img loading=\"lazy\" decoding=\"async\" width=\"979\" height=\"734\" src=\"https:\/\/badaladas.gal\/wp-content\/uploads\/2021\/01\/P1000750-Lin-g-Ocampo.jpg\" class=\"attachment-full size-full\" alt=\"\" aria-describedby=\"gallery-5-7499\" srcset=\"https:\/\/badaladas.gal\/wp-content\/uploads\/2021\/01\/P1000750-Lin-g-Ocampo.jpg 979w, https:\/\/badaladas.gal\/wp-content\/uploads\/2021\/01\/P1000750-Lin-g-Ocampo-300x225.jpg 300w, https:\/\/badaladas.gal\/wp-content\/uploads\/2021\/01\/P1000750-Lin-g-Ocampo-768x576.jpg 768w\" sizes=\"auto, 100vw\" \/><\/a>\n\t\t\t<\/div>\n\t\t\t\t<figcaption class='wp-caption-text gallery-caption' id='gallery-5-7499'>\n\t\t\t\tLI\u00d1ARES GRANDE &#8211; OCAMPO   2008\n\t\t\t\t<\/figcaption><\/figure>\n\t\t<\/div>\n\t\t<\/div>\n\t\t\t\t<\/div>\n\t\t\t\t<\/div>\n\t\t\t\t\t\t<\/div>\n\t\t\t\t\t<\/div>\n\t\t<\/div>\n\t\t\t\t\t\t\t\t<\/div>\n\t\t\t\t\t<\/div>\n\t\t<\/section>\n\t\t\t\t<section class=\"elementor-section elementor-top-section elementor-element elementor-element-382c4ed elementor-section-stretched elementor-section-boxed elementor-section-height-default elementor-section-height-default\" data-id=\"382c4ed\" data-element_type=\"section\" data-settings=\"{&quot;stretch_section&quot;:&quot;section-stretched&quot;}\">\n\t\t\t\t\t\t<div class=\"elementor-container elementor-column-gap-default\">\n\t\t\t\t\t\t\t<div class=\"elementor-row\">\n\t\t\t\t\t<div class=\"elementor-column elementor-col-100 elementor-top-column elementor-element elementor-element-a644e86\" data-id=\"a644e86\" data-element_type=\"column\">\n\t\t\t<div class=\"elementor-column-wrap elementor-element-populated\">\n\t\t\t\t\t\t\t<div class=\"elementor-widget-wrap\">\n\t\t\t\t\t\t<div class=\"elementor-element elementor-element-fc47f8b elementor-widget elementor-widget-heading\" data-id=\"fc47f8b\" data-element_type=\"widget\" data-widget_type=\"heading.default\">\n\t\t\t\t<div class=\"elementor-widget-container\">\n\t\t\t<h2 class=\"elementor-heading-title elementor-size-xl\">VIUDA DE MUR\u00daA (VITORIA)<\/h2>\t\t<\/div>\n\t\t\t\t<\/div>\n\t\t\t\t<div class=\"elementor-element elementor-element-2b0d87f elementor-widget elementor-widget-text-editor\" data-id=\"2b0d87f\" data-element_type=\"widget\" data-widget_type=\"text-editor.default\">\n\t\t\t\t<div class=\"elementor-widget-container\">\n\t\t\t\t\t\t\t\t<div class=\"elementor-text-editor elementor-clearfix\">\n\t\t\t\t\t<p><strong><span style=\"color: #003366;\">Viuda de Mur\u00faa foi un fabricante de camp\u00e1s e reloxos p\u00fablicos de Vitoria que estivo activo dende 1860 ata 1973. O reloxo de Boente, feito no ano 1953,\u00a0 est\u00e1 a\u00ednda en funcionamento. O carill\u00f3n da catedral de Lugo foi tam\u00e9n constru\u00eddo por Viuda de Mur\u00faa.<br \/><\/span><\/strong><\/p>\t\t\t\t\t<\/div>\n\t\t\t\t\t\t<\/div>\n\t\t\t\t<\/div>\n\t\t\t\t<div class=\"elementor-element elementor-element-527a023 elementor-widget elementor-widget-text-editor\" data-id=\"527a023\" data-element_type=\"widget\" data-widget_type=\"text-editor.default\">\n\t\t\t\t<div class=\"elementor-widget-container\">\n\t\t\t\t\t\t\t\t<div class=\"elementor-text-editor elementor-clearfix\">\n\t\t\t\t\t<p><strong><span style=\"color: #003366;\"><span style=\"color: #993300;\">Viuda de Mur\u00faa fue un fabricante de campanas y relojes p\u00fablicos ubicado en Vitoria. Estuvo activo desde 1860 hasta 1973. El reloj de Boente, del a\u00f1o 1953, est\u00e1 a\u00fan en funcionamiento. El carill\u00f3n de la catedral de Lugo fue tambi\u00e9n construido por Viuda de Mur\u00faa.<\/span><\/span><span style=\"color: #003366;\"><br \/><\/span><\/strong><\/p>\t\t\t\t\t<\/div>\n\t\t\t\t\t\t<\/div>\n\t\t\t\t<\/div>\n\t\t\t\t<div class=\"elementor-element elementor-element-aa5169f elementor-widget elementor-widget-text-editor\" data-id=\"aa5169f\" data-element_type=\"widget\" data-widget_type=\"text-editor.default\">\n\t\t\t\t<div class=\"elementor-widget-container\">\n\t\t\t\t\t\t\t\t<div class=\"elementor-text-editor elementor-clearfix\">\n\t\t\t\t\t<p><em><span style=\"color: #000080;\"><strong>Viuda de Mur\u00faa was a bells and public clocks manufacturer located in Vitoria. He worked from 1860 to 1973. Boente clock, dated in 1953, is still working.&nbsp; Lugo cathedral carillon was also made by Viuda de Mur\u00faa.<\/strong><\/span><\/em><\/p>\t\t\t\t\t<\/div>\n\t\t\t\t\t\t<\/div>\n\t\t\t\t<\/div>\n\t\t\t\t<div class=\"elementor-element elementor-element-8fc879f gallery-spacing-custom elementor-widget elementor-widget-image-gallery\" data-id=\"8fc879f\" data-element_type=\"widget\" data-widget_type=\"image-gallery.default\">\n\t\t\t\t<div class=\"elementor-widget-container\">\n\t\t\t\t\t<div class=\"elementor-image-gallery\">\n\t\t\t<div id='gallery-6' class='gallery galleryid-7263 gallery-columns-3 gallery-size-full'><figure class='gallery-item'>\n\t\t\t<div class='gallery-icon landscape'>\n\t\t\t\t<a data-elementor-open-lightbox=\"yes\" data-elementor-lightbox-slideshow=\"8fc879f\" data-elementor-lightbox-title=\"Vda de Murua\" href='https:\/\/badaladas.gal\/wp-content\/uploads\/2021\/01\/Vda-de-Murua-1.jpg'><img loading=\"lazy\" decoding=\"async\" width=\"746\" height=\"560\" src=\"https:\/\/badaladas.gal\/wp-content\/uploads\/2021\/01\/Vda-de-Murua-1.jpg\" class=\"attachment-full size-full\" alt=\"\" aria-describedby=\"gallery-6-7970\" srcset=\"https:\/\/badaladas.gal\/wp-content\/uploads\/2021\/01\/Vda-de-Murua-1.jpg 746w, https:\/\/badaladas.gal\/wp-content\/uploads\/2021\/01\/Vda-de-Murua-1-300x225.jpg 300w\" sizes=\"auto, 100vw\" \/><\/a>\n\t\t\t<\/div>\n\t\t\t\t<figcaption class='wp-caption-text gallery-caption' id='gallery-6-7970'>\n\t\t\t\tEDIFICIO VIUDA DE MUR\u00daA VITORIA  1957\n\t\t\t\t<\/figcaption><\/figure><figure class='gallery-item'>\n\t\t\t<div class='gallery-icon landscape'>\n\t\t\t\t<a data-elementor-open-lightbox=\"yes\" data-elementor-lightbox-slideshow=\"8fc879f\" data-elementor-lightbox-title=\"P1020272 Boen rel\" href='https:\/\/badaladas.gal\/wp-content\/uploads\/2021\/01\/P1020272-Boen-rel.jpg'><img loading=\"lazy\" decoding=\"async\" width=\"2448\" height=\"1836\" src=\"https:\/\/badaladas.gal\/wp-content\/uploads\/2021\/01\/P1020272-Boen-rel.jpg\" class=\"attachment-full size-full\" alt=\"\" aria-describedby=\"gallery-6-7608\" srcset=\"https:\/\/badaladas.gal\/wp-content\/uploads\/2021\/01\/P1020272-Boen-rel.jpg 2448w, https:\/\/badaladas.gal\/wp-content\/uploads\/2021\/01\/P1020272-Boen-rel-300x225.jpg 300w, https:\/\/badaladas.gal\/wp-content\/uploads\/2021\/01\/P1020272-Boen-rel-1024x768.jpg 1024w, https:\/\/badaladas.gal\/wp-content\/uploads\/2021\/01\/P1020272-Boen-rel-768x576.jpg 768w, https:\/\/badaladas.gal\/wp-content\/uploads\/2021\/01\/P1020272-Boen-rel-1536x1152.jpg 1536w, https:\/\/badaladas.gal\/wp-content\/uploads\/2021\/01\/P1020272-Boen-rel-2048x1536.jpg 2048w\" sizes=\"auto, 100vw\" \/><\/a>\n\t\t\t<\/div>\n\t\t\t\t<figcaption class='wp-caption-text gallery-caption' id='gallery-6-7608'>\n\t\t\t\tRELOXO BOENTE &#8211; VDA DE MUR\u00daA  1958\n\t\t\t\t<\/figcaption><\/figure><figure class='gallery-item'>\n\t\t\t<div class='gallery-icon landscape'>\n\t\t\t\t<a data-elementor-open-lightbox=\"yes\" data-elementor-lightbox-slideshow=\"8fc879f\" data-elementor-lightbox-title=\"P1020229 Boen reloxo Murua\" href='https:\/\/badaladas.gal\/wp-content\/uploads\/2021\/01\/P1020229-Boen-reloxo-Murua.jpg'><img loading=\"lazy\" decoding=\"async\" width=\"786\" height=\"589\" src=\"https:\/\/badaladas.gal\/wp-content\/uploads\/2021\/01\/P1020229-Boen-reloxo-Murua.jpg\" class=\"attachment-full size-full\" alt=\"\" aria-describedby=\"gallery-6-7610\" srcset=\"https:\/\/badaladas.gal\/wp-content\/uploads\/2021\/01\/P1020229-Boen-reloxo-Murua.jpg 786w, https:\/\/badaladas.gal\/wp-content\/uploads\/2021\/01\/P1020229-Boen-reloxo-Murua-300x225.jpg 300w, https:\/\/badaladas.gal\/wp-content\/uploads\/2021\/01\/P1020229-Boen-reloxo-Murua-768x576.jpg 768w\" sizes=\"auto, 100vw\" \/><\/a>\n\t\t\t<\/div>\n\t\t\t\t<figcaption class='wp-caption-text gallery-caption' id='gallery-6-7610'>\n\t\t\t\tMAQUINARIA DO RELOXO DE BOENTE &#8211; VDA DE MUR\u00daA  1958\n\t\t\t\t<\/figcaption><\/figure><figure class='gallery-item'>\n\t\t\t<div class='gallery-icon landscape'>\n\t\t\t\t<a data-elementor-open-lightbox=\"yes\" data-elementor-lightbox-slideshow=\"8fc879f\" data-elementor-lightbox-title=\"P1030914 cat Lugo carillon Murua\" href='https:\/\/badaladas.gal\/wp-content\/uploads\/2021\/01\/P1030914-cat-Lugo-carillon-Murua-1.jpg'><img loading=\"lazy\" decoding=\"async\" width=\"881\" height=\"661\" src=\"https:\/\/badaladas.gal\/wp-content\/uploads\/2021\/01\/P1030914-cat-Lugo-carillon-Murua-1.jpg\" class=\"attachment-full size-full\" alt=\"\" aria-describedby=\"gallery-6-7968\" srcset=\"https:\/\/badaladas.gal\/wp-content\/uploads\/2021\/01\/P1030914-cat-Lugo-carillon-Murua-1.jpg 881w, https:\/\/badaladas.gal\/wp-content\/uploads\/2021\/01\/P1030914-cat-Lugo-carillon-Murua-1-300x225.jpg 300w, https:\/\/badaladas.gal\/wp-content\/uploads\/2021\/01\/P1030914-cat-Lugo-carillon-Murua-1-768x576.jpg 768w\" sizes=\"auto, 100vw\" \/><\/a>\n\t\t\t<\/div>\n\t\t\t\t<figcaption class='wp-caption-text gallery-caption' id='gallery-6-7968'>\n\t\t\t\tCARILL\u00d3N CATEDRAL DE LUGO &#8211; VDA DE MUR\u00daA  1954\n\t\t\t\t<\/figcaption><\/figure><figure class='gallery-item'>\n\t\t\t<div class='gallery-icon landscape'>\n\t\t\t\t<a data-elementor-open-lightbox=\"yes\" data-elementor-lightbox-slideshow=\"8fc879f\" data-elementor-lightbox-title=\"P1040117 cat Lugo Carillon Murua\" href='https:\/\/badaladas.gal\/wp-content\/uploads\/2021\/01\/P1040117-cat-Lugo-Carillon-Murua.jpg'><img loading=\"lazy\" decoding=\"async\" width=\"1126\" height=\"845\" src=\"https:\/\/badaladas.gal\/wp-content\/uploads\/2021\/01\/P1040117-cat-Lugo-Carillon-Murua.jpg\" class=\"attachment-full size-full\" alt=\"\" aria-describedby=\"gallery-6-7986\" srcset=\"https:\/\/badaladas.gal\/wp-content\/uploads\/2021\/01\/P1040117-cat-Lugo-Carillon-Murua.jpg 1126w, https:\/\/badaladas.gal\/wp-content\/uploads\/2021\/01\/P1040117-cat-Lugo-Carillon-Murua-300x225.jpg 300w, https:\/\/badaladas.gal\/wp-content\/uploads\/2021\/01\/P1040117-cat-Lugo-Carillon-Murua-1024x768.jpg 1024w, https:\/\/badaladas.gal\/wp-content\/uploads\/2021\/01\/P1040117-cat-Lugo-Carillon-Murua-768x576.jpg 768w\" sizes=\"auto, 100vw\" \/><\/a>\n\t\t\t<\/div>\n\t\t\t\t<figcaption class='wp-caption-text gallery-caption' id='gallery-6-7986'>\n\t\t\t\tCARILL\u00d3N CATEDRAL DE LUGO &#8211; VDA DE MUR\u00daA  1954\n\t\t\t\t<\/figcaption><\/figure><figure class='gallery-item'>\n\t\t\t<div class='gallery-icon landscape'>\n\t\t\t\t<a data-elementor-open-lightbox=\"yes\" data-elementor-lightbox-slideshow=\"8fc879f\" data-elementor-lightbox-title=\"P1040417 Ccello Fons\" href='https:\/\/badaladas.gal\/wp-content\/uploads\/2021\/01\/P1040417-Ccello-Fons-1.jpg'><img loading=\"lazy\" decoding=\"async\" width=\"979\" height=\"734\" src=\"https:\/\/badaladas.gal\/wp-content\/uploads\/2021\/01\/P1040417-Ccello-Fons-1.jpg\" class=\"attachment-full size-full\" alt=\"\" aria-describedby=\"gallery-6-7969\" srcset=\"https:\/\/badaladas.gal\/wp-content\/uploads\/2021\/01\/P1040417-Ccello-Fons-1.jpg 979w, https:\/\/badaladas.gal\/wp-content\/uploads\/2021\/01\/P1040417-Ccello-Fons-1-300x225.jpg 300w, https:\/\/badaladas.gal\/wp-content\/uploads\/2021\/01\/P1040417-Ccello-Fons-1-768x576.jpg 768w\" sizes=\"auto, 100vw\" \/><\/a>\n\t\t\t<\/div>\n\t\t\t\t<figcaption class='wp-caption-text gallery-caption' id='gallery-6-7969'>\n\t\t\t\tRELOXO ANTIGA CASA CONSISTORIAL DA FONSAGRADA &#8211; VDA DE MUR\u00daA \n\t\t\t\t<\/figcaption><\/figure>\n\t\t<\/div>\n\t\t<\/div>\n\t\t\t\t<\/div>\n\t\t\t\t<\/div>\n\t\t\t\t<div class=\"elementor-element elementor-element-2eda4c2 elementor-widget elementor-widget-text-editor\" data-id=\"2eda4c2\" data-element_type=\"widget\" data-widget_type=\"text-editor.default\">\n\t\t\t\t<div class=\"elementor-widget-container\">\n\t\t\t\t\t\t\t\t<div class=\"elementor-text-editor elementor-clearfix\">\n\t\t\t\t\t<p style=\"text-align: center;\"><span style=\"color: #003366;\"><strong>\u00a0\u00a0\u00a0\u00a0\u00a0\u00a0\u00a0\u00a0\u00a0\u00a0\u00a0\u00a0\u00a0\u00a0\u00a0\u00a0\u00a0\u00a0\u00a0\u00a0\u00a0\u00a0\u00a0\u00a0\u00a0\u00a0\u00a0\u00a0\u00a0\u00a0\u00a0\u00a0\u00a0\u00a0\u00a0\u00a0\u00a0\u00a0\u00a0\u00a0\u00a0\u00a0\u00a0\u00a0\u00a0\u00a0\u00a0\u00a0\u00a0\u00a0\u00a0\u00a0\u00a0\u00a0\u00a0\u00a0\u00a0\u00a0\u00a0 CAMP\u00c1S DE VIUDA DE MUR\u00daA<\/strong><\/span>\/<strong><span style=\"color: #993300;\">CAMPANAS DE VIUDA DE MUR\u00daA<\/span><\/strong>\/<em><strong><span style=\"color: #000080;\">VIUDA DE MUR\u00daA<\/span><\/strong><\/em> <em><strong><span style=\"color: #000080;\">BELLS \u00a0 \u00a0 \u00a0 \u00a0 \u00a0 \u00a0 \u00a0 \u00a0 \u00a0 \u00a0 \u00a0 \u00a0 \u00a0 \u00a0\u00a0 \u00a0 \u00a0 \u00a0 \u00a0 \u00a0 \u00a0 \u00a0 \u00a0 \u00a0 \u00a0 \u00a0 \u00a0 \u00a0 \u00a0 \u00a0 \u00a0 \u00a0 \u00a0 \u00a0 \u00a0 \u00a0<\/span><\/strong><\/em><strong>\u00a0 \u00a0 \u00a0 \u00a0 <span style=\"color: #330808;\">\u00a0 \u00a0\u00a0<a href=\"https:\/\/badaladas.gal\/index.php\/catedral-de-lugo\/\"> <span style=\"text-decoration: underline;\">Carill\u00f3n catedral de Lugo<\/span><\/a><\/span><\/strong><\/p>\t\t\t\t\t<\/div>\n\t\t\t\t\t\t<\/div>\n\t\t\t\t<\/div>\n\t\t\t\t<div class=\"elementor-element elementor-element-261bb57 elementor-widget elementor-widget-text-editor\" data-id=\"261bb57\" data-element_type=\"widget\" data-widget_type=\"text-editor.default\">\n\t\t\t\t<div class=\"elementor-widget-container\">\n\t\t\t\t\t\t\t\t<div class=\"elementor-text-editor elementor-clearfix\">\n\t\t\t\t\t<p style=\"text-align: center;\"><span style=\"color: #003366;\"><strong>\u00a0\u00a0\u00a0\u00a0\u00a0\u00a0\u00a0\u00a0\u00a0\u00a0\u00a0\u00a0\u00a0\u00a0\u00a0\u00a0\u00a0\u00a0\u00a0\u00a0\u00a0\u00a0\u00a0\u00a0\u00a0\u00a0\u00a0\u00a0\u00a0\u00a0\u00a0\u00a0\u00a0\u00a0\u00a0\u00a0\u00a0\u00a0\u00a0\u00a0\u00a0\u00a0\u00a0\u00a0\u00a0\u00a0\u00a0\u00a0\u00a0\u00a0\u00a0\u00a0\u00a0\u00a0\u00a0\u00a0\u00a0\u00a0\u00a0 RELOXOS DE VIUDA DE MUR\u00daA<\/strong><\/span>\/<strong><span style=\"color: #993300;\">RELOJES DE VIUDA DE MUR\u00daA<\/span><\/strong>\/<em><strong><span style=\"color: #000080;\">VIUDA DE MUR\u00daA CLOCKS<\/span><\/strong><\/em><em><strong><span style=\"color: #000080;\">\u00a0 \u00a0 \u00a0 \u00a0 \u00a0 \u00a0 \u00a0 \u00a0 \u00a0 \u00a0\u00a0 \u00a0 \u00a0 \u00a0 \u00a0 \u00a0 \u00a0 \u00a0 \u00a0 \u00a0 \u00a0 \u00a0 \u00a0 \u00a0 \u00a0 \u00a0 \u00a0 \u00a0 \u00a0 \u00a0 \u00a0 \u00a0<\/span><\/strong><\/em><strong>\u00a0 \u00a0 \u00a0 \u00a0 <span style=\"color: #330808;\">\u00a0 \u00a0\u00a0 <a href=\"https:\/\/badaladas.gal\/index.php\/elementor-162\/\"><span style=\"text-decoration: underline;\">Boente<\/span><\/a> \u00a0 \u00a0 \u00a0 \u00a0 \u00a0 \u00a0 \u00a0 \u00a0 \u00a0 \u00a0 \u00a0 \u00a0 \u00a0 \u00a0 <a href=\"https:\/\/badaladas.gal\/index.php\/concello-vello-da-fonsagrada\/\"><span style=\"text-decoration: underline;\">Concello vello da Fonsagrada<\/span><\/a><\/span><\/strong><\/p>\t\t\t\t\t<\/div>\n\t\t\t\t\t\t<\/div>\n\t\t\t\t<\/div>\n\t\t\t\t\t\t<\/div>\n\t\t\t\t\t<\/div>\n\t\t<\/div>\n\t\t\t\t\t\t\t\t<\/div>\n\t\t\t\t\t<\/div>\n\t\t<\/section>\n\t\t\t\t<section class=\"elementor-section elementor-top-section elementor-element elementor-element-4e80bd4 elementor-section-stretched elementor-section-boxed elementor-section-height-default elementor-section-height-default\" data-id=\"4e80bd4\" data-element_type=\"section\" data-settings=\"{&quot;stretch_section&quot;:&quot;section-stretched&quot;}\">\n\t\t\t\t\t\t<div class=\"elementor-container elementor-column-gap-default\">\n\t\t\t\t\t\t\t<div class=\"elementor-row\">\n\t\t\t\t\t<div class=\"elementor-column elementor-col-100 elementor-top-column elementor-element elementor-element-b27081d\" data-id=\"b27081d\" data-element_type=\"column\">\n\t\t\t<div class=\"elementor-column-wrap elementor-element-populated\">\n\t\t\t\t\t\t\t<div class=\"elementor-widget-wrap\">\n\t\t\t\t\t\t<div class=\"elementor-element elementor-element-bfaa4cf elementor-widget elementor-widget-heading\" data-id=\"bfaa4cf\" data-element_type=\"widget\" data-widget_type=\"heading.default\">\n\t\t\t\t<div class=\"elementor-widget-container\">\n\t\t\t<h2 class=\"elementor-heading-title elementor-size-large\">OUTROS FUNDIDORES \/ OTROS FUNDIDORES \/ OTHER SMELTERS<\/h2>\t\t<\/div>\n\t\t\t\t<\/div>\n\t\t\t\t<div class=\"elementor-element elementor-element-313bc67 elementor-widget elementor-widget-text-editor\" data-id=\"313bc67\" data-element_type=\"widget\" data-widget_type=\"text-editor.default\">\n\t\t\t\t<div class=\"elementor-widget-container\">\n\t\t\t\t\t\t\t\t<div class=\"elementor-text-editor elementor-clearfix\">\n\t\t\t\t\t<p style=\"text-align: left;\"><span style=\"color: #003366;\"><strong>\u00a0\u00a0 \u00a0 \u00a0 \u00a0 \u00a0 \u00a0 \u00a0\u00a0 \u00a0 \u00a0 AGUIRRE SARAS\u00daA (BILBAO)<\/strong><\/span><strong><span style=\"color: #330808;\"> \u00a0\u00a0 \u00a0\u00a0\u00a0 \u00a0 \u00a0 <a style=\"color: #330808;\" href=\"https:\/\/badaladas.gal\/index.php\/a-magdalena\/\"><span style=\"text-decoration: underline;\">Mosteiro da Madanela-Sarria (grande e mediana)<\/span><\/a> \u00a0 \u00a0 \u00a0 \u00a0 \u00a0\u00a0 \u00a0 \u00a0 \u00a0 \u00a0 \u00a0 \u00a0 \u00a0 \u00a0 \u00a0 \u00a0 \u00a0 \u00a0\u00a0\u00a0 <\/span><\/strong><\/p>\t\t\t\t\t<\/div>\n\t\t\t\t\t\t<\/div>\n\t\t\t\t<\/div>\n\t\t\t\t<div class=\"elementor-element elementor-element-1b4f514 elementor-widget elementor-widget-text-editor\" data-id=\"1b4f514\" data-element_type=\"widget\" data-widget_type=\"text-editor.default\">\n\t\t\t\t<div class=\"elementor-widget-container\">\n\t\t\t\t\t\t\t\t<div class=\"elementor-text-editor elementor-clearfix\">\n\t\t\t\t\t<p style=\"text-align: left;\"><span style=\"color: #003366;\"><strong>\u00a0 \u00a0 \u00a0 \u00a0 \u00a0 \u00a0 \u00a0 \u00a0 \u00a0\u00a0\u00a0 DIONISIO ALONSO \u00a0 \u00a0 \u00a0 \u00a0 \u00a0<\/strong><\/span><span style=\"color: #330909;\"><strong> <a style=\"color: #330909;\" href=\"https:\/\/badaladas.gal\/index.php\/catedral-de-lugo\/\"><span style=\"text-decoration: underline;\">Catedral de Lugo (Mariana maior &#8211; Mariana menor)<\/span><\/a><\/strong><\/span><\/p>\t\t\t\t\t<\/div>\n\t\t\t\t\t\t<\/div>\n\t\t\t\t<\/div>\n\t\t\t\t<div class=\"elementor-element elementor-element-9d2a926 elementor-widget elementor-widget-text-editor\" data-id=\"9d2a926\" data-element_type=\"widget\" data-widget_type=\"text-editor.default\">\n\t\t\t\t<div class=\"elementor-widget-container\">\n\t\t\t\t\t\t\t\t<div class=\"elementor-text-editor elementor-clearfix\">\n\t\t\t\t\t<p style=\"text-align: left;\"><span style=\"color: #003366;\"><strong>\u00a0 \u00a0 \u00a0 \u00a0 \u00a0 \u00a0\u00a0 \u00a0 \u00a0\u00a0 \u00a0 AZA Y CEDR\u00daN \u00a0 \u00a0 \u00a0 \u00a0\u00a0<\/strong><\/span><strong><span style=\"color: #330808;\"> <a style=\"color: #330808;\" href=\"https:\/\/badaladas.gal\/index.php\/catedral-de-santiago\/\"><span style=\"text-decoration: underline;\">Catedral de Santiago (campanil)<\/span><\/a><\/span><\/strong><\/p>\t\t\t\t\t<\/div>\n\t\t\t\t\t\t<\/div>\n\t\t\t\t<\/div>\n\t\t\t\t<div class=\"elementor-element elementor-element-c197d65 elementor-widget elementor-widget-text-editor\" data-id=\"c197d65\" data-element_type=\"widget\" data-widget_type=\"text-editor.default\">\n\t\t\t\t<div class=\"elementor-widget-container\">\n\t\t\t\t\t\t\t\t<div class=\"elementor-text-editor elementor-clearfix\">\n\t\t\t\t\t<p style=\"text-align: left;\"><span style=\"color: #003366;\"><strong>\u00a0 \u00a0 \u00a0 \u00a0 \u00a0 \u00a0 \u00a0 \u00a0\u00a0 \u00a0\u00a0 JANUARIO BLANCO E ANTONIO CARRERA BLANCO \u00a0 \u00a0 \u00a0 <\/strong><\/span><strong><span style=\"color: #330808;\">\u00a0 \u00a0\u00a0 <a href=\"https:\/\/badaladas.gal\/index.php\/catedral-de-lugo\/\"><span style=\"text-decoration: underline;\"><span style=\"color: #330808; text-decoration: underline;\">Catedral de Lugo (Santa Mar\u00eda)<\/span><\/span><\/a>\u00a0 \u00a0 \u00a0 \u00a0 \u00a0 <a style=\"color: #330808;\" href=\"https:\/\/badaladas.gal\/index.php\/lugo-capela-do-carme\/\"><span style=\"text-decoration: underline;\">Capela do Carme &#8211; Lugo (grande)<\/span><\/a><\/span><\/strong><\/p>\t\t\t\t\t<\/div>\n\t\t\t\t\t\t<\/div>\n\t\t\t\t<\/div>\n\t\t\t\t<div class=\"elementor-element elementor-element-83b85ce elementor-widget elementor-widget-text-editor\" data-id=\"83b85ce\" data-element_type=\"widget\" data-widget_type=\"text-editor.default\">\n\t\t\t\t<div class=\"elementor-widget-container\">\n\t\t\t\t\t\t\t\t<div class=\"elementor-text-editor elementor-clearfix\">\n\t\t\t\t\t<p style=\"text-align: left;\"><span style=\"color: #003366;\"><strong>\u00a0 \u00a0 \u00a0 \u00a0 \u00a0 \u00a0 \u00a0\u00a0 \u00a0\u00a0 \u00a0 GENARO (JANUARIO) BLANCO \u00a0<\/strong><\/span>\u00a0 \u00a0 \u00a0\u00a0 \u00a0<a href=\"https:\/\/badaladas.gal\/index.php\/san-cristovo-do-real\/\"><strong><span style=\"color: #330808;\"> <span style=\"text-decoration: underline;\">San Cristovo do Real (grande)<\/span><\/span><\/strong><\/a><\/p>\t\t\t\t\t<\/div>\n\t\t\t\t\t\t<\/div>\n\t\t\t\t<\/div>\n\t\t\t\t<div class=\"elementor-element elementor-element-cfe8451 elementor-widget elementor-widget-text-editor\" data-id=\"cfe8451\" data-element_type=\"widget\" data-widget_type=\"text-editor.default\">\n\t\t\t\t<div class=\"elementor-widget-container\">\n\t\t\t\t\t\t\t\t<div class=\"elementor-text-editor elementor-clearfix\">\n\t\t\t\t\t<p style=\"text-align: left;\"><span style=\"color: #003366;\"><strong>\u00a0 \u00a0 \u00a0 \u00a0 \u00a0 \u00a0 \u00a0 \u00a0 \u00a0\u00a0\u00a0 JOS\u00c9 CABRILLO MAYOR<\/strong><\/span><strong> \u00a0 \u00a0\u00a0<span style=\"color: #330808;\"> \u00a0\u00a0 \u00a0<a style=\"color: #330808;\" href=\"https:\/\/badaladas.gal\/index.php\/abadia-de-samos\/\"><span style=\"text-decoration: underline;\">Abad\u00eda de Samos (camp\u00e1s do reloxo<\/span><\/a><\/span><\/strong><span style=\"color: #330808;\">)<\/span><\/p>\t\t\t\t\t<\/div>\n\t\t\t\t\t\t<\/div>\n\t\t\t\t<\/div>\n\t\t\t\t<div class=\"elementor-element elementor-element-861c481 elementor-widget elementor-widget-text-editor\" data-id=\"861c481\" data-element_type=\"widget\" data-widget_type=\"text-editor.default\">\n\t\t\t\t<div class=\"elementor-widget-container\">\n\t\t\t\t\t\t\t\t<div class=\"elementor-text-editor elementor-clearfix\">\n\t\t\t\t\t<p style=\"text-align: left;\"><span style=\"color: #003366;\"><strong>\u00a0 \u00a0 \u00a0 \u00a0 \u00a0 \u00a0 \u00a0 \u00a0 \u00a0 \u00a0 HIJOS DE CONSTANTINO LINARES\u00a0\u00a0\u00a0\u00a0\u00a0\u00a0\u00a0\u00a0\u00a0\u00a0 <\/strong><\/span><a href=\"https:\/\/badaladas.gal\/index.php\/a-fonsagrada\/\"><strong><span style=\"color: #330808;\"><span style=\"text-decoration: underline;\">A Fonsagrada (pequena)<\/span><\/span><\/strong><\/a><\/p>\t\t\t\t\t<\/div>\n\t\t\t\t\t\t<\/div>\n\t\t\t\t<\/div>\n\t\t\t\t<div class=\"elementor-element elementor-element-04c92b0 elementor-widget elementor-widget-text-editor\" data-id=\"04c92b0\" data-element_type=\"widget\" data-widget_type=\"text-editor.default\">\n\t\t\t\t<div class=\"elementor-widget-container\">\n\t\t\t\t\t\t\t\t<div class=\"elementor-text-editor elementor-clearfix\">\n\t\t\t\t\t<p style=\"text-align: left;\"><span style=\"color: #003366;\"><strong>\u00a0 \u00a0 \u00a0 \u00a0 \u00a0 \u00a0 \u00a0 \u00a0 \u00a0 \u00a0 JOS\u00c9 CUERVO<\/strong><\/span><strong>\u00a0 \u00a0 \u00a0 \u00a0 \u00a0\u00a0 <span style=\"color: #380a0a;\"><a style=\"color: #380a0a;\" href=\"https:\/\/badaladas.gal\/index.php\/santa-marina\/\"><span style=\"text-decoration: underline;\">Santa Mari\u00f1a &#8211; Sarria (horas pequena, grande e mediana grande)<\/span><\/a><\/span><\/strong><\/p>\t\t\t\t\t<\/div>\n\t\t\t\t\t\t<\/div>\n\t\t\t\t<\/div>\n\t\t\t\t<div class=\"elementor-element elementor-element-545b8e0 elementor-widget elementor-widget-text-editor\" data-id=\"545b8e0\" data-element_type=\"widget\" data-widget_type=\"text-editor.default\">\n\t\t\t\t<div class=\"elementor-widget-container\">\n\t\t\t\t\t\t\t\t<div class=\"elementor-text-editor elementor-clearfix\">\n\t\t\t\t\t<p style=\"text-align: left;\"><span style=\"color: #003366;\"><strong>\u00a0 \u00a0 \u00a0 \u00a0 \u00a0 \u00a0 \u00a0 \u00a0 \u00a0\u00a0 MOIS\u00c9S D\u00cdEZ<\/strong><\/span><strong> \u00a0 \u00a0 \u00a0 \u00a0 <span style=\"color: #330808;\">\u00a0 <a style=\"color: #330808;\" href=\"https:\/\/badaladas.gal\/index.php\/ligonde\/\"><span style=\"text-decoration: underline;\">Ligonde (grande)<\/span><\/a> \u00a0 \u00a0 \u00a0 \u00a0\u00a0 \u00a0 <a style=\"color: #330808;\" href=\"https:\/\/badaladas.gal\/index.php\/elementor-600\/\"><span style=\"text-decoration: underline;\">Furelos (grande)<\/span><\/a> \u00a0 \u00a0 \u00a0 \u00a0 \u00a0 <a style=\"color: #330808;\" href=\"https:\/\/badaladas.gal\/index.php\/san-miguel-do-camino\/\"><span style=\"text-decoration: underline;\">San Miguel do Cami\u00f1o (grande)<\/span><\/a><\/span><\/strong><\/p>\t\t\t\t\t<\/div>\n\t\t\t\t\t\t<\/div>\n\t\t\t\t<\/div>\n\t\t\t\t<div class=\"elementor-element elementor-element-1c13d01 elementor-widget elementor-widget-text-editor\" data-id=\"1c13d01\" data-element_type=\"widget\" data-widget_type=\"text-editor.default\">\n\t\t\t\t<div class=\"elementor-widget-container\">\n\t\t\t\t\t\t\t\t<div class=\"elementor-text-editor elementor-clearfix\">\n\t\t\t\t\t<p style=\"text-align: left;\"><span style=\"color: #003366;\"><strong>\u00a0 \u00a0 \u00a0 \u00a0 \u00a0 \u00a0 \u00a0 \u00a0 \u00a0\u00a0\u00a0 EIJSBOUTS<\/strong><\/span><strong>\u00a0 \u00a0<span style=\"color: #330808;\"> \u00a0 \u00a0 \u00a0 <a style=\"color: #330808;\" href=\"https:\/\/badaladas.gal\/index.php\/catedral-de-santiago\/\"><span style=\"text-decoration: underline;\">Catedral de Santiago (copia Berenguela &#8211; copia Cuartos)<\/span><\/a><\/span><\/strong><\/p>\t\t\t\t\t<\/div>\n\t\t\t\t\t\t<\/div>\n\t\t\t\t<\/div>\n\t\t\t\t<div class=\"elementor-element elementor-element-3453f34 elementor-widget elementor-widget-text-editor\" data-id=\"3453f34\" data-element_type=\"widget\" data-widget_type=\"text-editor.default\">\n\t\t\t\t<div class=\"elementor-widget-container\">\n\t\t\t\t\t\t\t\t<div class=\"elementor-text-editor elementor-clearfix\">\n\t\t\t\t\t<p style=\"text-align: left;\"><span style=\"color: #003366;\"><strong>\u00a0 \u00a0 \u00a0 \u00a0 \u00a0 \u00a0 \u00a0 \u00a0 \u00a0\u00a0\u00a0 FUNDICIONES PARDO<\/strong><\/span><strong>\u00a0 \u00a0<span style=\"color: #330808;\"> \u00a0 \u00a0 \u00a0 <a style=\"color: #330808;\" href=\"https:\/\/badaladas.gal\/index.php\/calvor\/\"><span style=\"text-decoration: underline;\">Calvor (grande)<\/span><\/a>\u00a0 \u00a0 \u00a0\u00a0\u00a0 <a style=\"color: #330808;\" href=\"https:\/\/badaladas.gal\/index.php\/triacastela\/\"><span style=\"text-decoration: underline;\">Triacastela (grande e pequena)<\/span><\/a><\/span><\/strong><\/p>\t\t\t\t\t<\/div>\n\t\t\t\t\t\t<\/div>\n\t\t\t\t<\/div>\n\t\t\t\t<div class=\"elementor-element elementor-element-baa9834 elementor-widget elementor-widget-text-editor\" data-id=\"baa9834\" data-element_type=\"widget\" data-widget_type=\"text-editor.default\">\n\t\t\t\t<div class=\"elementor-widget-container\">\n\t\t\t\t\t\t\t\t<div class=\"elementor-text-editor elementor-clearfix\">\n\t\t\t\t\t<p style=\"text-align: left;\"><span style=\"color: #003366;\"><strong>\u00a0 \u00a0 \u00a0 \u00a0 \u00a0 \u00a0 \u00a0 \u00a0 \u00a0\u00a0\u00a0 PEDRO DE G\u00dcEMES<\/strong><\/span><strong> \u00a0 \u00a0\u00a0<span style=\"color: #330808;\"> \u00a0 \u00a0 <a style=\"color: #330808;\" href=\"https:\/\/badaladas.gal\/index.php\/catedral-de-santiago\/\"><span style=\"text-decoration: underline;\">Catedral de Santiago (Berenguela &#8211; Cuartos)<\/span><\/a><\/span><\/strong><\/p>\t\t\t\t\t<\/div>\n\t\t\t\t\t\t<\/div>\n\t\t\t\t<\/div>\n\t\t\t\t<div class=\"elementor-element elementor-element-8506087 elementor-widget elementor-widget-text-editor\" data-id=\"8506087\" data-element_type=\"widget\" data-widget_type=\"text-editor.default\">\n\t\t\t\t<div class=\"elementor-widget-container\">\n\t\t\t\t\t\t\t\t<div class=\"elementor-text-editor elementor-clearfix\">\n\t\t\t\t\t<p style=\"text-align: left;\"><span style=\"color: #003366;\"><strong>\u00a0 \u00a0 \u00a0 \u00a0 \u00a0 \u00a0 \u00a0 \u00a0 \u00a0\u00a0\u00a0 DOMINGO PALACIO<\/strong><\/span><strong>\u00a0 \u00a0 \u00a0 \u00a0 \u00a0 <span style=\"color: #330808;\">\u00a0 <a style=\"color: #330808;\" href=\"https:\/\/badaladas.gal\/index.php\/catedral-de-lugo\/\"><span style=\"text-decoration: underline;\">Catedral de Lugo (De Prima)<\/span><\/a><\/span><\/strong><\/p>\t\t\t\t\t<\/div>\n\t\t\t\t\t\t<\/div>\n\t\t\t\t<\/div>\n\t\t\t\t<div class=\"elementor-element elementor-element-3dec6b0 elementor-widget elementor-widget-text-editor\" data-id=\"3dec6b0\" data-element_type=\"widget\" data-widget_type=\"text-editor.default\">\n\t\t\t\t<div class=\"elementor-widget-container\">\n\t\t\t\t\t\t\t\t<div class=\"elementor-text-editor elementor-clearfix\">\n\t\t\t\t\t<p style=\"text-align: left;\"><span style=\"color: #003366;\"><strong>\u00a0 \u00a0 \u00a0 \u00a0 \u00a0 \u00a0 \u00a0 \u00a0 \u00a0\u00a0\u00a0 DOMINGO PALACIO E ANDR\u00c9S CAGIGAL<\/strong><\/span><strong>\u00a0 \u00a0 \u00a0 \u00a0 \u00a0 <span style=\"color: #330808;\">\u00a0 <a style=\"color: #330808;\" href=\"https:\/\/badaladas.gal\/index.php\/catedral-de-lugo\/\"><span style=\"text-decoration: underline;\">Catedral de Lugo (Froilana)<\/span><\/a><\/span><\/strong><\/p>\t\t\t\t\t<\/div>\n\t\t\t\t\t\t<\/div>\n\t\t\t\t<\/div>\n\t\t\t\t<div class=\"elementor-element elementor-element-8a6f201 elementor-widget elementor-widget-text-editor\" data-id=\"8a6f201\" data-element_type=\"widget\" data-widget_type=\"text-editor.default\">\n\t\t\t\t<div class=\"elementor-widget-container\">\n\t\t\t\t\t\t\t\t<div class=\"elementor-text-editor elementor-clearfix\">\n\t\t\t\t\t<p style=\"text-align: left;\"><span style=\"color: #003366;\"><strong>\u00a0 \u00a0 \u00a0 \u00a0 \u00a0 \u00a0 \u00a0\u00a0 \u00a0 \u00a0\u00a0 FRANCISCO DE PALACIO<\/strong><\/span><strong>\u00a0 \u00a0 \u00a0 <span style=\"color: #330808;\">\u00a0 \u00a0\u00a0 <a style=\"color: #330808;\" href=\"https:\/\/badaladas.gal\/index.php\/a-proba-de-buron\/\"><span style=\"text-decoration: underline;\">Proba de Bur\u00f3n (grande)<\/span><\/a> \u00a0\u00a0\u00a0\u00a0\u00a0\u00a0\u00a0\u00a0\u00a0 <a style=\"color: #330808;\" href=\"https:\/\/badaladas.gal\/index.php\/catedral-de-santiago\/\"><span style=\"text-decoration: underline;\">Catedral de Santiago (Prima Salom\u00e9, Fogo e Prima B\u00e1rbara)<\/span><\/a><\/span><\/strong><\/p>\t\t\t\t\t<\/div>\n\t\t\t\t\t\t<\/div>\n\t\t\t\t<\/div>\n\t\t\t\t<div class=\"elementor-element elementor-element-b589f16 elementor-widget elementor-widget-text-editor\" data-id=\"b589f16\" data-element_type=\"widget\" data-widget_type=\"text-editor.default\">\n\t\t\t\t<div class=\"elementor-widget-container\">\n\t\t\t\t\t\t\t\t<div class=\"elementor-text-editor elementor-clearfix\">\n\t\t\t\t\t<p style=\"text-align: left;\"><span style=\"color: #003366;\"><strong>\u00a0 \u00a0 \u00a0 \u00a0 \u00a0 \u00a0 \u00a0\u00a0 \u00a0 \u00a0\u00a0 QUINTANA<\/strong><\/span><strong>\u00a0\u00a0 \u00a0 \u00a0 <span style=\"color: #330808;\">\u00a0 \u00a0\u00a0 <a href=\"https:\/\/badaladas.gal\/index.php\/o-cebreiro\/\"><span style=\"text-decoration: underline;\"><span style=\"color: #330808; text-decoration: underline;\">O Cebreiro (pequena)<\/span><\/span><\/a><\/span><\/strong><\/p>\t\t\t\t\t<\/div>\n\t\t\t\t\t\t<\/div>\n\t\t\t\t<\/div>\n\t\t\t\t<div class=\"elementor-element elementor-element-d2a09f3 elementor-widget elementor-widget-text-editor\" data-id=\"d2a09f3\" data-element_type=\"widget\" data-widget_type=\"text-editor.default\">\n\t\t\t\t<div class=\"elementor-widget-container\">\n\t\t\t\t\t\t\t\t<div class=\"elementor-text-editor elementor-clearfix\">\n\t\t\t\t\t<p style=\"text-align: left;\"><span style=\"color: #003366;\"><strong>\u00a0 \u00a0 \u00a0 \u00a0 \u00a0 \u00a0 \u00a0\u00a0 \u00a0\u00a0 \u00a0 RUIZ<\/strong><\/span><strong>\u00a0 \u00a0 \u00a0 \u00a0 <span style=\"color: #330808;\">\u00a0 \u00a0\u00a0<a style=\"color: #330808;\" href=\"https:\/\/badaladas.gal\/index.php\/hospital\/\"> <span style=\"text-decoration: underline;\">Hospital (pequena)<\/span><\/a> \u00a0 \u00a0 \u00a0 \u00a0 \u00a0 \u00a0 <a style=\"color: #330808;\" href=\"https:\/\/badaladas.gal\/index.php\/ferreiros\/\"><span style=\"text-decoration: underline;\">Ferreiros (grande)<\/span> <\/a><\/span><\/strong><\/p>\t\t\t\t\t<\/div>\n\t\t\t\t\t\t<\/div>\n\t\t\t\t<\/div>\n\t\t\t\t<div class=\"elementor-element elementor-element-e0a4dc8 elementor-widget elementor-widget-text-editor\" data-id=\"e0a4dc8\" data-element_type=\"widget\" data-widget_type=\"text-editor.default\">\n\t\t\t\t<div class=\"elementor-widget-container\">\n\t\t\t\t\t\t\t\t<div class=\"elementor-text-editor elementor-clearfix\">\n\t\t\t\t\t<p style=\"text-align: left;\"><span style=\"color: #003366;\"><strong>\u00a0 \u00a0 \u00a0 \u00a0 \u00a0 \u00a0 \u00a0\u00a0 \u00a0\u00a0 \u00a0 GREGORIO DE SOBRADO<\/strong><\/span><strong>\u00a0\u00a0 \u00a0 \u00a0 <span style=\"color: #330808;\">\u00a0 \u00a0\u00a0 <a style=\"color: #330808;\" href=\"https:\/\/badaladas.gal\/index.php\/catedral-de-lugo\/\"><span style=\"text-decoration: underline;\">Catedral de Lugo (Cimb\u00e1lico)<\/span><\/a><\/span><\/strong><\/p>\t\t\t\t\t<\/div>\n\t\t\t\t\t\t<\/div>\n\t\t\t\t<\/div>\n\t\t\t\t<div class=\"elementor-element elementor-element-6f8eb11 elementor-widget elementor-widget-text-editor\" data-id=\"6f8eb11\" data-element_type=\"widget\" data-widget_type=\"text-editor.default\">\n\t\t\t\t<div class=\"elementor-widget-container\">\n\t\t\t\t\t\t\t\t<div class=\"elementor-text-editor elementor-clearfix\">\n\t\t\t\t\t<p style=\"text-align: left;\"><span style=\"color: #003366;\"><strong>\u00a0 \u00a0 \u00a0 \u00a0 \u00a0\u00a0 \u00a0 \u00a0 \u00a0\u00a0 \u00a0 TABOADA<\/strong><\/span><strong>\u00a0\u00a0 \u00a0 \u00a0 <span style=\"color: #330808;\">\u00a0 \u00a0\u00a0 <a href=\"https:\/\/badaladas.gal\/index.php\/merlan\/\"><span style=\"text-decoration: underline;\"><span style=\"color: #330808; text-decoration: underline;\">Merl\u00e1n<\/span><\/span><\/a> \u00a0 \u00a0 \u00a0 \u00a0 \u00a0 <a href=\"https:\/\/badaladas.gal\/index.php\/palas-de-rei\/\"><span style=\"text-decoration: underline;\"><span style=\"color: #330808; text-decoration: underline;\">Palas de Rei (pequen<\/span>a)<\/span><\/a><\/span><\/strong><\/p>\t\t\t\t\t<\/div>\n\t\t\t\t\t\t<\/div>\n\t\t\t\t<\/div>\n\t\t\t\t\t\t<\/div>\n\t\t\t\t\t<\/div>\n\t\t<\/div>\n\t\t\t\t\t\t\t\t<\/div>\n\t\t\t\t\t<\/div>\n\t\t<\/section>\n\t\t\t\t<section class=\"elementor-section elementor-top-section elementor-element elementor-element-30922b76 elementor-section-boxed elementor-section-height-default elementor-section-height-default\" data-id=\"30922b76\" data-element_type=\"section\">\n\t\t\t\t\t\t<div class=\"elementor-container elementor-column-gap-default\">\n\t\t\t\t\t\t\t<div class=\"elementor-row\">\n\t\t\t\t\t\t\t\t\t<\/div>\n\t\t\t\t\t<\/div>\n\t\t<\/section>\n\t\t\t\t\t\t<\/div>\n\t\t\t\t\t\t<\/div>\n\t\t\t\t\t<\/div>\n\t\t","protected":false},"excerpt":{"rendered":"<p>Moitas camp\u00e1s dos cami\u00f1os Franc\u00e9s e Primitivo te\u00f1en, nas s\u00faas inscrici\u00f3ns, o nome do artes\u00e1n fundidor que as fabricou. Isto ocorre principalmente nas camp\u00e1s dos s\u00e9culos XIX e XX. Nas m\u00e1is antigas, raramente aparece o nome do construtor. \u00a0 Muchas campanas de los caminos Franc\u00e9s y Primitivo tienen, en sus inscripciones, el nombre del artesano &hellip; <\/p>\n<p class=\"link-more\"><a href=\"https:\/\/badaladas.gal\/index.php\/fundidores\/\" class=\"more-link\">Continuar leyendo<span class=\"screen-reader-text\"> &#8220;FUNDIDORES&#8221;<\/span><\/a><\/p>\n","protected":false},"author":2,"featured_media":0,"parent":0,"menu_order":0,"comment_status":"closed","ping_status":"closed","template":"","meta":{"footnotes":""},"class_list":["post-7263","page","type-page","status-publish","hentry"],"_links":{"self":[{"href":"https:\/\/badaladas.gal\/index.php\/wp-json\/wp\/v2\/pages\/7263","targetHints":{"allow":["GET"]}}],"collection":[{"href":"https:\/\/badaladas.gal\/index.php\/wp-json\/wp\/v2\/pages"}],"about":[{"href":"https:\/\/badaladas.gal\/index.php\/wp-json\/wp\/v2\/types\/page"}],"author":[{"embeddable":true,"href":"https:\/\/badaladas.gal\/index.php\/wp-json\/wp\/v2\/users\/2"}],"replies":[{"embeddable":true,"href":"https:\/\/badaladas.gal\/index.php\/wp-json\/wp\/v2\/comments?post=7263"}],"version-history":[{"count":843,"href":"https:\/\/badaladas.gal\/index.php\/wp-json\/wp\/v2\/pages\/7263\/revisions"}],"predecessor-version":[{"id":9027,"href":"https:\/\/badaladas.gal\/index.php\/wp-json\/wp\/v2\/pages\/7263\/revisions\/9027"}],"wp:attachment":[{"href":"https:\/\/badaladas.gal\/index.php\/wp-json\/wp\/v2\/media?parent=7263"}],"curies":[{"name":"wp","href":"https:\/\/api.w.org\/{rel}","templated":true}]}}